{"id":14202,"date":"2023-05-17T16:04:33","date_gmt":"2023-05-17T16:04:33","guid":{"rendered":"https:\/\/casaalbets.cat\/?page_id=14202"},"modified":"2026-04-29T08:02:22","modified_gmt":"2026-04-29T08:02:22","slug":"restaurant","status":"publish","type":"page","link":"https:\/\/casaalbets.cat\/ca\/restaurant\/","title":{"rendered":"RESTAURANT"},"content":{"rendered":"<div class=\"wpb-content-wrapper\">[vc_row full_width=&#8221;stretch_row_content_no_spaces&#8221; el_class=&#8221;header-pages&#8221; css=&#8221;.vc_custom_1744473057420{margin-bottom: 50px !important;background-image: url(https:\/\/casaalbets.cat\/wp-content\/uploads\/2025\/04\/F16-Verde-cabecera.jpg?id=16266) !important;background-position: center !important;background-repeat: no-repeat !important;background-size: cover !important;}&#8221; wpex_bg_position=&#8221;bottom center&#8221;][vc_column el_class=&#8221;column-bg&#8221; css=&#8221;.vc_custom_1525846768800{padding-top: 180px !important;padding-bottom: 180px !important;}&#8221;][vc_column_text css=&#8221;&#8221; el_class=&#8221;cabecera1&#8243;]\n<h1 style=\"text-align: center;\">Alta cuina vegana a menys de 2 hores de Barcelona<\/h1>\n[\/vc_column_text][vc_column_text css=&#8221;&#8221; el_class=&#8221;cabecera2&#8243;]\n<h2 style=\"text-align: center;\">Dona&#8217;t un capritx. Sorpr\u00e8n-te i sorpr\u00e8n amb una experi\u00e8ncia gastron\u00f2mica en plena natura<\/h2>\n[\/vc_column_text][vc_column_text css=&#8221;.vc_custom_1744473317732{padding-bottom: 20px !important;}&#8221;]\n<h3 style=\"text-align: center; color: white !important;\">Reserva la teva estada amb sopar degustaci\u00f3 incl\u00f2s<\/h3>\n[\/vc_column_text]<div class=\"vcex-sshortcode clr\"><div id='reservas'><\/div>\r\n\t<script\r\n        type='text\/javascript'> window.addEventListener('DOMContentLoaded',\r\n        function (event) {\r\n            let id_partner = '2809';\r\n            let container_div = 'body';\r\n            let lang = 'es';\r\n            let cod_promo = true;\r\n            let engine_color = '#628b3d';\r\n            let darkmode = false;\r\n            let rounded = '2px';\r\n            let shadow = '2px';\r\n            let corporate_engines = undefined;\r\n            let corporate_type = undefined;\r\n            let fnsbooking = new FNSbooking(id_partner, container_div, lang, engine_color, cod_promo, darkmode, rounded, shadow, corporate_engines, corporate_type);\r\n            let custom_styles = undefined;\r\n            fnsbooking.setCustomStyles(custom_styles);\r\n            fnsbooking.show();\r\n        });\r\n        <\/script><\/div>[\/vc_column][\/vc_row][vc_row][vc_column]<div class=\"vcex-spacing\" style=\"height:60px\"><\/div>[vc_column_text css=&#8221;&#8221;]\n<p style=\"text-align: center;\"><strong>Posem en boca gustos i textures que mai has provat, utilitzant productes 100% vegetals, ecol\u00f2gics i de proximitat.<\/strong><\/p>\n<p style=\"text-align: center;\">A Casa Albets experimentar\u00e0s el plaer de menjar veg\u00e0, saludable i sostenible amb un men\u00fa degustaci\u00f3 de 7 plats.<\/p>\n[\/vc_column_text]<div class=\"vcex-spacing\" style=\"height:30px\"><\/div>[\/vc_column][\/vc_row][vc_row][vc_column width=&#8221;1\/3&#8243;][vc_single_image image=&#8221;16272&#8243; img_size=&#8221;380&#215;380&#8243; onclick=&#8221;link_image&#8221; css=&#8221;&#8221; el_class=&#8221;borde_redondeado&#8221;][\/vc_column][vc_column width=&#8221;1\/3&#8243;][vc_single_image image=&#8221;16278&#8243; img_size=&#8221;380&#215;380&#8243; onclick=&#8221;link_image&#8221; css=&#8221;&#8221; el_class=&#8221;borde_redondeado&#8221;][\/vc_column][vc_column width=&#8221;1\/3&#8243;][vc_single_image image=&#8221;16284&#8243; img_size=&#8221;380&#215;380&#8243; onclick=&#8221;link_image&#8221; css=&#8221;&#8221; el_class=&#8221;borde_redondeado&#8221;][\/vc_column][\/vc_row][vc_row][vc_column]<div class=\"vcex-spacing\" style=\"height:60px\"><\/div>[vc_column_text css=&#8221;&#8221; el_class=&#8221;textocabecera&#8221;]\n<h3 style=\"text-align: center;\">La satisfacci\u00f3 de les nostres clientes ens avala<\/h3>\n[\/vc_column_text]<div class=\"vcex-spacing\" style=\"height:30px\"><\/div>[vc_column_text css=&#8221;&#8221;]\n<p style=\"text-align: center;\"><pre class=\"ti-widget\"><div class=\"ti-widget ti-goog\" data-no-translation=\"true\" data-layout-id=\"4\" data-set-id=\"light-background\" data-pid=\"\" data-pager-autoplay-timeout=\"6\" data-review-target-width=\"300\" data-language=\"es\" > <div class=\"ti-widget-container ti-col-3\"> <div class=\"ti-reviews-container\"> <div class=\"ti-controls\"> <div class=\"ti-next\" aria-label=\"Siguiente rese\u00f1a\" role=\"button\"><\/div> <div class=\"ti-prev\" aria-label=\"Rese\u00f1a anterior\" role=\"button\"><\/div> <\/div> <div class=\"ti-reviews-container-wrapper\">  <div data-empty=\"0\" class=\"ti-review-item source-Google\" > <div class=\"ti-inner\"> <div class=\"ti-review-header\"> <div class=\"ti-profile-img\"> <img decoding=\"async\" src=\"https:\/\/lh3.googleusercontent.com\/a-\/ALV-UjWysVVCuehFoIjWiOJUJtPld-B4m9GWoxeq0vTGku7DdYcf=s120-c-rp-mo-br100\" alt=\"Margalida Pascual Payeras\" \/> <\/div> <div class=\"ti-profile-details\"> <div class=\"ti-name\"> Margalida Pascual Payeras <\/div> <div class=\"ti-date\">2023-11-02<\/div> <\/div> <\/div> <span class=\"ti-stars\"><span class=\"ti-star f\"><\/span><span class=\"ti-star f\"><\/span><span class=\"ti-star f\"><\/span><span class=\"ti-star f\"><\/span><span class=\"ti-star f\"><\/span><\/span> <div class=\"ti-review-text-container ti-review-content\"><!-- R-CONTENT -->Excelente\nEste hotel es una antigua masia reformada con mucho gusto, cuidando cada detalle.\nNos alojamos en San Juan con nuestras mascotas, que pudieron correr libremente por los alrededores, entorno natural id\u00edlico, precioso, perfecto para desconectar. Tambi\u00e9n los admiten en el restaurante.\nLa comida deliciosa! La cena est\u00e1 formada por 7 platos, todo ecol\u00f3gico y vegano.\nLos due\u00f1os son Albert y Megan que nos trataron con un cari\u00f1o espectacular y un trato muy cercano.\nTODO de 10!<!-- R-CONTENT --><\/div> <span class=\"ti-read-more\" data-container=\".ti-review-content\" data-collapse-text=\"Ocultar\" data-open-text=\"Leer m\u00e1s\" ><\/span> <\/div> <\/div>  <div data-empty=\"0\" class=\"ti-review-item source-Google\" > <div class=\"ti-inner\"> <div class=\"ti-review-header\"> <div class=\"ti-profile-img\"> <img decoding=\"async\" src=\"https:\/\/lh3.googleusercontent.com\/a-\/ALV-UjVVLzINBETLNWrEBiGJjlwntw6cGPn4E5n_nM3OJcx8ggf5=s120-c-rp-mo-br100\" alt=\"Sergi Velasco Rodriguez\" \/> <\/div> <div class=\"ti-profile-details\"> <div class=\"ti-name\"> Sergi Velasco Rodriguez <\/div> <div class=\"ti-date\">2023-10-02<\/div> <\/div> <\/div> <span class=\"ti-stars\"><span class=\"ti-star f\"><\/span><span class=\"ti-star f\"><\/span><span class=\"ti-star f\"><\/span><span class=\"ti-star f\"><\/span><span class=\"ti-star f\"><\/span><\/span> <div class=\"ti-review-text-container ti-review-content\"><!-- R-CONTENT -->Vivir la experiencia de pasar una noche en este hotel, gozar de la gastronomia incre\u00edble y detallista que ofrecen, conocer la historia del lugar, y disfrutar de un entorno natural asombroso hacen de este emplazamiento un sitio \u00fanico del que uno no se quiere ir nunca. Maravilloso.<!-- R-CONTENT --><\/div> <span class=\"ti-read-more\" data-container=\".ti-review-content\" data-collapse-text=\"Ocultar\" data-open-text=\"Leer m\u00e1s\" ><\/span> <\/div> <\/div>  <div data-empty=\"0\" class=\"ti-review-item source-Google\" > <div class=\"ti-inner\"> <div class=\"ti-review-header\"> <div class=\"ti-profile-img\"> <img decoding=\"async\" src=\"https:\/\/lh3.googleusercontent.com\/a-\/ALV-UjVmgyIpC0P5KOSRDPOGx9T83SiXfloPjAwL_B8_k-lvkrk=s120-c-rp-mo-ba5-br100\" alt=\"F\u00e9lix Jim\u00e9nez Gonz\u00e1lez\" \/> <\/div> <div class=\"ti-profile-details\"> <div class=\"ti-name\"> F\u00e9lix Jim\u00e9nez Gonz\u00e1lez <\/div> <div class=\"ti-date\">2023-09-10<\/div> <\/div> <\/div> <span class=\"ti-stars\"><span class=\"ti-star f\"><\/span><span class=\"ti-star f\"><\/span><span class=\"ti-star f\"><\/span><span class=\"ti-star f\"><\/span><span class=\"ti-star f\"><\/span><\/span> <div class=\"ti-review-text-container ti-review-content\"><!-- R-CONTENT -->Un lugar inolvidable. La mas\u00eda est\u00e1 en medio de la naturaleza, hay que coger un camino de grava para llegar al hotel. Decorado con mimo, la habitaci\u00f3n \"Els Forns\" nos pareci\u00f3 ideal. Mirar por la ventana y ver el campo recarga las pilas, sobre todo a urbanitas como yo. Pudimos tambi\u00e9n disfrutar de la peque\u00f1a piscina exterior, fresquita y purificante. Y qu\u00e9 decir de la cena degustaci\u00f3n, todo riqu\u00edsimo, explicado al detalle y con un servicio de 10. Les deseo lo mejor y muchos a\u00f1os de \u00e9xito.<!-- R-CONTENT --><\/div> <span class=\"ti-read-more\" data-container=\".ti-review-content\" data-collapse-text=\"Ocultar\" data-open-text=\"Leer m\u00e1s\" ><\/span> <\/div> <\/div>  <div data-empty=\"0\" class=\"ti-review-item source-Google\" > <div class=\"ti-inner\"> <div class=\"ti-review-header\"> <div class=\"ti-profile-img\"> <img decoding=\"async\" src=\"https:\/\/lh3.googleusercontent.com\/a-\/ALV-UjXPElZbgINx_A4m6ZexBeDK_I8oCeMGqpjom3BPxJi_n64=s120-c-rp-mo-br100\" alt=\"Cristobal Completa Denis\" \/> <\/div> <div class=\"ti-profile-details\"> <div class=\"ti-name\"> Cristobal Completa Denis <\/div> <div class=\"ti-date\">2023-07-22<\/div> <\/div> <\/div> <span class=\"ti-stars\"><span class=\"ti-star f\"><\/span><span class=\"ti-star f\"><\/span><span class=\"ti-star f\"><\/span><span class=\"ti-star f\"><\/span><span class=\"ti-star f\"><\/span><\/span> <div class=\"ti-review-text-container ti-review-content\"><!-- R-CONTENT -->Con mi familia nos quedamos una noche en el Hotel Casa Albets. Llegamos por la tarde y despues de acomodas nuestras coaas en las habitaciones salimos a hacer un recorrido de trekking por el bosque, por recomendacion de la anfitriona. Las habitaciones son de lujo total, desde las camas, hasta los ba\u00f1os y todos los detalles. Por la noche gozamos de una cena vegana de 7 pasos que nos dejo a los 4 (3 no veganos) impresionados. Se nota la calidad de la cocina y materia prima, acompa\u00f1ado de bebidas organicas y locales fue una cena perfecta. A la noche se pueden ver las estrellas y no se escucha un solo sonido de auto o maquinas. Por la ma\u00f1ana, el desayuno fue del mismo nivel que la cena. Antes de irme del hotel, hice la visita autoguiada de la casa, esta consta de 27 puntos donde se explica la rica historia de la casa (comenzando por el siglo XI), y como esta fue cambiando. En toda la casa logran una harmonia entre lo moderno y sofisticado, sin tapar la fachada antigua y la historia de la casa.\nUna experiencia increible y recomendable para quien busque desconectarse y gozar de excelente comida. El hecho de que tambien busquen hacer del emprendimiento sustentable y fomentando la produccion local es un diferencial valioso.<!-- R-CONTENT --><\/div> <span class=\"ti-read-more\" data-container=\".ti-review-content\" data-collapse-text=\"Ocultar\" data-open-text=\"Leer m\u00e1s\" ><\/span> <\/div> <\/div>  <div data-empty=\"0\" class=\"ti-review-item source-Google\" > <div class=\"ti-inner\"> <div class=\"ti-review-header\"> <div class=\"ti-profile-img\"> <img decoding=\"async\" src=\"https:\/\/lh3.googleusercontent.com\/a-\/ALV-UjV-uFwhxsAKmd1-Xt-2PD_5IyNA0cxVjH0Z2eeg78wKgFA=s120-c-rp-mo-br100\" alt=\"Montse P\u00e9rez\" \/> <\/div> <div class=\"ti-profile-details\"> <div class=\"ti-name\"> Montse P\u00e9rez <\/div> <div class=\"ti-date\">2023-06-28<\/div> <\/div> <\/div> <span class=\"ti-stars\"><span class=\"ti-star f\"><\/span><span class=\"ti-star f\"><\/span><span class=\"ti-star f\"><\/span><span class=\"ti-star f\"><\/span><span class=\"ti-star f\"><\/span><\/span> <div class=\"ti-review-text-container ti-review-content\"><!-- R-CONTENT -->Un lugar donde escapar.\nFin de semana de Sant Joan perfecto !!\nLa Mas\u00eda es espectacular, habitaciones comodisimas, impecables y con unas vistas que no podr\u00e1s dejar de contemplar, la calidad de los colchones sumada a las sabanas de hilo son un lujo.\nLa comida vegana te sorprende con cada una de sus creaciones, hemos disfrutado con los siete platos que tenia el men\u00fa, con una cuidada presentaci\u00f3n.\nEl trato de los propietarios Megan y Joel es inmejorable y cercano.\nEntorno id\u00edlico donde poder desconectar.\nLugar perfecto para gente que viaja con sus perros o sin ellos, ya que la convivencia en estancias comunes a sido\nde total respeto y armonia.\nEscapada muy recomendable sin duda volveremos muy pronto.\nMontse y Jorge<!-- R-CONTENT --><\/div> <span class=\"ti-read-more\" data-container=\".ti-review-content\" data-collapse-text=\"Ocultar\" data-open-text=\"Leer m\u00e1s\" ><\/span> <\/div> <\/div>  <div data-empty=\"0\" class=\"ti-review-item source-Google\" > <div class=\"ti-inner\"> <div class=\"ti-review-header\"> <div class=\"ti-profile-img\"> <img decoding=\"async\" src=\"https:\/\/lh3.googleusercontent.com\/a\/ACg8ocLVSnhlFsD98sFBt9Sh9FIMNfEiZPfe4AXceIk54TR9=s120-c-rp-mo-br100\" alt=\"Marta Guillamon\" \/> <\/div> <div class=\"ti-profile-details\"> <div class=\"ti-name\"> Marta Guillamon <\/div> <div class=\"ti-date\">2023-06-28<\/div> <\/div> <\/div> <span class=\"ti-stars\"><span class=\"ti-star f\"><\/span><span class=\"ti-star f\"><\/span><span class=\"ti-star f\"><\/span><span class=\"ti-star f\"><\/span><span class=\"ti-star f\"><\/span><\/span> <div class=\"ti-review-text-container ti-review-content\"><!-- R-CONTENT -->Avui, enmig del brogit de la ciutat, he recordat i he enyorat aquesta darrera estada a Lladurs, a Casa Albets, aquest ha estat els darrers anys el nostre refugi de Sant Joan, un lloc preci\u00f3s on els amants de la calma ens hem pogut refugiar en temps de revetlla. Perqu\u00e8 Casa Albets \u00e9s un rac\u00f3 on els nostres animals s\u00f3n volguts i cuidats i on, amb una envejable coher\u00e8ncia, no s'ofereix altre menjar que el d'una excelent cuina vegana. Amb un men\u00fa degustaci\u00f3 variat i cuidat fins al m\u00ednim detall. A m\u00e9s, a Casa Albets, hem trobat unes instal\u2022lacions adaptades per a persones amb mobilitat redu\u00efda, que ja ens agradaria trobar a molts altres establiments tur\u00edstics. Situada en un magn\u00edfic paratge natural i agr\u00edcola, l'hotel \u00e9s molt confortable, amb una decoraci\u00f3 moderna i elegant, per\u00f2 amb una austeritat que \u00e9s d'agra\u00efr i que, alhora, \u00e9s extraordin\u00e0riament respectuosa amb l'arquitectura original de la masia. Es respira l'amor i la il\u2022lusi\u00f3 de la Megan i en Joel per la casa familiar i per la preservaci\u00f3 d'aquest paratge meravell\u00f3s. Amb un tracte acollidor, gaireb\u00e9 familiar, les nostres estades a Casa Albets han estat sempre un plaer. Hem compartit la nostra experi\u00e8ncia amb fam\u00edlia i amics en altres \u00e8poques de l'any, i hem estat testimonis de les diferents maneres de poder gaudir d'aquest indret, per Sant Joan, estades m\u00e9s familiars, o caps de setmana rom\u00e0ntics. \u00c9s una experi\u00e8ncia que, ben segur, seguirem repetint aix\u00ed que poguem.<!-- R-CONTENT --><\/div> <span class=\"ti-read-more\" data-container=\".ti-review-content\" data-collapse-text=\"Ocultar\" data-open-text=\"Leer m\u00e1s\" ><\/span> <\/div> <\/div>  <div data-empty=\"0\" class=\"ti-review-item source-Google\" > <div class=\"ti-inner\"> <div class=\"ti-review-header\"> <div class=\"ti-profile-img\"> <img decoding=\"async\" src=\"https:\/\/lh3.googleusercontent.com\/a\/ACg8ocL77mJlfpTnO5MKgb7pl7eaNcm_fXFwxCkUAjn46bQa=s120-c-rp-mo-br100\" alt=\"Carmela Sanz\" \/> <\/div> <div class=\"ti-profile-details\"> <div class=\"ti-name\"> Carmela Sanz <\/div> <div class=\"ti-date\">2023-06-27<\/div> <\/div> <\/div> <span class=\"ti-stars\"><span class=\"ti-star f\"><\/span><span class=\"ti-star f\"><\/span><span class=\"ti-star f\"><\/span><span class=\"ti-star f\"><\/span><span class=\"ti-star f\"><\/span><\/span> <div class=\"ti-review-text-container ti-review-content\"><!-- R-CONTENT -->Hemos pasado Sant Joan en este id\u00edlico lugar.\nEl trato familiar, los men\u00fas degustaci\u00f3n todo un espect\u00e1culo, el entorno, habitaciones de ensue\u00f1o, el clima que se crea entre los hu\u00e9spedes que vamos.\nNo vayas si no eres amante de los animales, de compartir  o si esperas un resort.\nCasa Albets comulga con una filosof\u00eda de vida abierta, amable y sostenible.\nNo puedo daros m\u00e1s que las gracias y sin duda volveremos! \u2665\ufe0f<!-- R-CONTENT --><\/div> <span class=\"ti-read-more\" data-container=\".ti-review-content\" data-collapse-text=\"Ocultar\" data-open-text=\"Leer m\u00e1s\" ><\/span> <\/div> <\/div>  <\/div> <div class=\"ti-controls-line\"> <div class=\"dot\"><\/div> <\/div> <\/div> <div class=\"ti-footer\"> <div class=\"ti-rating-text\"> <span class=\"nowrap\">La evaluaci\u00f3n general en <strong>Google<\/strong> es <\/span><span class=\"nowrap\"><strong>4.6<\/strong> de 5, <\/span><span class=\"nowrap\">en base a <strong>216 rese\u00f1as<\/strong><\/span> <\/div> <\/div>  <\/div> <\/div> <\/pre>\n[\/vc_column_text]<div class=\"vcex-spacing\" style=\"height:30px\"><\/div>[vc_column_text css=&#8221;&#8221;]\n<p style=\"text-align: center;\"><a class=\"btn-preus\" href=\"https:\/\/www.google.com\/travel\/search?q=casa%20albets&amp;g2lb=2502548%2C2503771%2C2503781%2C4258168%2C4284970%2C4291517%2C4597339%2C4754388%2C4757164%2C4814050%2C4874190%2C4893075%2C4924070%2C4963887%2C4965990%2C4990494%2C72277293%2C72298667%2C72302247%2C72313836%2C72317059%2C72347327%2C72385362%2C72402232%2C72406588%2C72412680%2C72414906%2C72430025%2C72436632%2C72437469%2C72439483&amp;hl=es-ES&amp;gl=es&amp;ssta=1&amp;ts=CAEaRwopEicyJTB4MTJhNWM5MjFjYmYxNDMyNzoweDRhYWU3ZjljZWIyZjRkYmQSGhIUCgcI5w8QCxgdEgcI5w8QCxgeGAEyAhAA&amp;qs=CAEyE0Nnb0l2WnU5MmM3em45ZEtFQUU4AkIJCb1NL-ucf65KQgkJvU0v65x_rko&amp;ap=ugEHcmV2aWV3cw&amp;ictx=1&amp;sa=X&amp;sqi=2&amp;ved=0CAAQ5JsGahcKEwjA2_-mrOaCAxUAAAAAHQAAAAAQEA\" target=\"_blank\" rel=\"noopener\">Veure m\u00e9s resenyes<\/a><\/p>\n[\/vc_column_text][\/vc_column][\/vc_row][vc_row el_class=&#8221;fila_estrecha borde_cajas&#8221;][vc_column width=&#8221;1\/2&#8243;]<div class=\"vcex-spacing\" style=\"height:60px\"><\/div>[vc_single_image image=&#8221;16665&#8243; img_size=&#8221;200&#215;200&#8243; alignment=&#8221;center&#8221; css=&#8221;&#8221; el_class=&#8221;borde_redondeado&#8221;]<div class=\"vcex-spacing\" style=\"height:30px\"><\/div>[vc_column_text css=&#8221;&#8221;]\n<p style=\"text-align: center;\"><strong>Estrella Verda Michelin 2024<\/strong><\/p>\n<p style=\"text-align: center;\">Reconeix el nostre comprom\u00eds amb el medi ambient i amb la cuina responsable.<\/p>\n[\/vc_column_text]<div class=\"vcex-spacing\" style=\"height:30px\"><\/div>[\/vc_column][vc_column width=&#8221;1\/2&#8243;]<div class=\"vcex-spacing\" style=\"height:100px\"><\/div>[vc_single_image image=&#8221;16673&#8243; img_size=&#8221;400&#215;100&#8243; alignment=&#8221;center&#8221; css=&#8221;&#8221;]<div class=\"vcex-spacing\" style=\"height:90px\"><\/div>[vc_column_text css=&#8221;&#8221;]\n<p style=\"text-align: center;\"><strong>BARCELONA VEGAN AWARDS &#8211; <\/strong><strong>Empresa sostenible 2024<\/strong><\/p>\n<p style=\"text-align: center;\">Reconeix i celebra l&#8217;esfor\u00e7 i la dedicaci\u00f3 d&#8217;empreses que han contribu\u00eft significativament al desenvolupament i la promoci\u00f3 de l&#8217;estil de vida veg\u00e0.<\/p>\n[\/vc_column_text]<div class=\"vcex-spacing\" style=\"height:30px\"><\/div>[\/vc_column][\/vc_row][vc_row][vc_column]<div class=\"vcex-spacing\" style=\"height:60px\"><\/div>[vc_column_text css=&#8221;&#8221; el_class=&#8221;textocabecera&#8221;]\n<h2 style=\"text-align: center;\">Qu\u00e8 inclou el nostre men\u00fa degustaci\u00f3 gurmet?<\/h2>\n[\/vc_column_text][vc_column_text css=&#8221;.vc_custom_1777449543846{margin-top: 24px !important;border-color: #668d2e !important;}&#8221; el_class=&#8221;texto_resaltado&#8221;]\n<p style=\"text-align: center;\"><strong>Al nostre restaurant, cada persona paga un men\u00fa degustaci\u00f3 complet, sense excepci\u00f3.<\/strong><\/p>\n[\/vc_column_text]<div class=\"vcex-spacing\" style=\"height:30px\"><\/div>[vc_column_text css=&#8221;&#8221;]\n<p style=\"text-align: center;\">El nostre men\u00fa t\u00e9 un preu de 64\u20ac\/persona i inclou:<\/p>\n<p style=\"text-align: center;\"><strong>7 plats de temporada<\/strong><br \/>\n*El xef es reserva el dret de fer canvis al men\u00fa si conv\u00e9.<\/p>\n<p style=\"text-align: center;\">El men\u00fa inclou pa (si ens el demanes).<\/p>\n<p style=\"text-align: center;\">No s&#8217;inclouen les begudes al men\u00fa, per\u00f2 oferim una selecci\u00f3 de begudes sense alcohol, aix\u00ed com una varietat de cerveses artesanes i vins locals.<\/p>\n<p style=\"text-align: center;\"><strong>Mira el que hem preparat per a tu:<\/strong><\/p>\n[\/vc_column_text]<div class=\"vcex-spacing\" style=\"height:30px\"><\/div>[\/vc_column][\/vc_row][vc_row][vc_column width=&#8221;1\/4&#8243;]<div class=\"vcex-spacing\" style=\"height:30px\"><\/div><div class=\"vcex-module vcex-icon-box clr vcex-icon-box-two aligncenter\"><a href=\"https:\/\/casaalbets.cat\/wp-content\/uploads\/2025\/12\/menu-degustacio-estiu-CAT.pdf\" title=\"Men\u00fa estiu\" class=\"vcex-icon-box-link\" target=\"_blank\"><div class=\"vcex-icon-box-icon\" style=\"color:#668d2e;font-size:80px;\"><span class=\"entypo-icon entypo-icon-light-up\"><\/span><\/div><h2 class=\"vcex-icon-box-heading\" style=\"color:#668d2e;font-size:30px;letter-spacing:0px;\">Men\u00fa estiu<\/h2><\/a><\/div><div class=\"vcex-spacing\" style=\"height:30px\"><\/div>[\/vc_column][vc_column width=&#8221;1\/4&#8243;]<div class=\"vcex-spacing\" style=\"height:30px\"><\/div><div class=\"vcex-module vcex-icon-box clr vcex-icon-box-two aligncenter\"><a href=\"https:\/\/casaalbets.cat\/wp-content\/uploads\/2025\/12\/menu-degustacio-primavera-CAT.pdf\" title=\"Men\u00fa primavera\" class=\"vcex-icon-box-link\" target=\"_blank\"><div class=\"vcex-icon-box-icon\" style=\"color:#668d2e;font-size:80px;\"><span class=\"typcn typcn-leaf\"><\/span><\/div><h2 class=\"vcex-icon-box-heading\" style=\"color:#668d2e;font-size:30px;letter-spacing:0px;\">Men\u00fa primavera<\/h2><\/a><\/div><div class=\"vcex-spacing\" style=\"height:30px\"><\/div>[\/vc_column][vc_column width=&#8221;1\/4&#8243;]<div class=\"vcex-spacing\" style=\"height:30px\"><\/div><div class=\"vcex-module vcex-icon-box clr vcex-icon-box-two aligncenter\"><a href=\"https:\/\/casaalbets.cat\/wp-content\/uploads\/2025\/12\/menu-degustacio-tardor-CAT.pdf\" title=\"Men\u00fa tardor\" class=\"vcex-icon-box-link\" target=\"_blank\"><div class=\"vcex-icon-box-icon\" style=\"color:#668d2e;font-size:80px;\"><span class=\"entypo-icon entypo-icon-leaf\"><\/span><\/div><h2 class=\"vcex-icon-box-heading\" style=\"color:#668d2e;font-size:30px;letter-spacing:0px;\">Men\u00fa tardor<\/h2><\/a><\/div><div class=\"vcex-spacing\" style=\"height:30px\"><\/div>[\/vc_column][vc_column width=&#8221;1\/4&#8243;]<div class=\"vcex-spacing\" style=\"height:30px\"><\/div><div class=\"vcex-module vcex-icon-box clr vcex-icon-box-two aligncenter\"><a href=\"https:\/\/casaalbets.cat\/wp-content\/uploads\/2025\/12\/menu-degustacio-hivern-CAT.pdf\" title=\"Men\u00fa hivern\" class=\"vcex-icon-box-link\" target=\"_blank\"><div class=\"vcex-icon-box-icon\" style=\"color:#668d2e;font-size:80px;\"><span class=\"vc_li vc_li-food\"><\/span><\/div><h2 class=\"vcex-icon-box-heading\" style=\"color:#668d2e;font-size:30px;letter-spacing:0px;\">Men\u00fa hivern<\/h2><\/a><\/div><div class=\"vcex-spacing\" style=\"height:30px\"><\/div>[\/vc_column][\/vc_row][vc_row][vc_column]<div class=\"vcex-spacing\" style=\"height:30px\"><\/div>[\/vc_column][\/vc_row][vc_row][vc_column width=&#8221;1\/3&#8243;][vc_single_image image=&#8221;16290&#8243; img_size=&#8221;380&#215;380&#8243; onclick=&#8221;link_image&#8221; css=&#8221;&#8221; el_class=&#8221;borde_redondeado&#8221;][\/vc_column][vc_column width=&#8221;1\/3&#8243;][vc_single_image image=&#8221;16296&#8243; img_size=&#8221;380&#215;380&#8243; onclick=&#8221;link_image&#8221; css=&#8221;&#8221; el_class=&#8221;borde_redondeado&#8221;][\/vc_column][vc_column width=&#8221;1\/3&#8243;][vc_single_image image=&#8221;16302&#8243; img_size=&#8221;380&#215;380&#8243; onclick=&#8221;link_image&#8221; css=&#8221;&#8221; el_class=&#8221;borde_redondeado&#8221;][\/vc_column][\/vc_row][vc_row][vc_column]<div class=\"vcex-spacing\" style=\"height:60px\"><\/div>[vc_column_text css=&#8221;&#8221;]\n<p style=\"text-align: center;\">Ni amanida, ni verduretes a la planxa, ni maced\u00f2nia&#8230; Prepara&#8217;t per a descobrir textures i sabors que probablement no has provat abans.<\/p>\n[\/vc_column_text]<div class=\"vcex-spacing\" style=\"height:30px\"><\/div>[\/vc_column][\/vc_row][vc_row css=&#8221;.vc_custom_1748521871317{border-top-width: 1px !important;border-right-width: 1px !important;border-bottom-width: 1px !important;border-left-width: 1px !important;border-left-style: s\u00f2lid !important;border-right-style: s\u00f2lid !important;border-top-style: s\u00f2lid !important;border-bottom-style: s\u00f2lid !important;border-radius: 15px !important;border-color: #668d2e !important;}&#8221;][vc_column width=&#8221;2\/3&#8243; css=&#8221;.vc_custom_1744106697474{padding-right: 40px !important;}&#8221; el_class=&#8221;nopaddingmobile&#8221;]<div class=\"vcex-spacing\" style=\"height:90px\"><\/div>[vc_column_text css=&#8221;&#8221; el_class=&#8221;centrarmobile&#8221;]\n<p style=\"text-align: right;\">Ets cel\u00edaca o prefereixes evitar el gluten a la teva dieta?<\/p>\n<p style=\"text-align: right;\">Entenem perfectament el que significa viure amb aquesta malaltia (a la nostra fam\u00edlia som dues persones cel\u00edaques, la nostra filla gran i jo mateixa). Nom\u00e9s digues-nos-ho i t&#8217;oferirem encantades l&#8217;opci\u00f3 sense gluten.<\/p>\n[\/vc_column_text][\/vc_column][vc_column width=&#8221;1\/3&#8243;]<div class=\"vcex-spacing\" style=\"height:45px\"><\/div>[vc_single_image image=&#8221;16694&#8243; img_size=&#8221;250&#215;250&#8243; css=&#8221;&#8221; el_class=&#8221;borde_redondeado&#8221;]<div class=\"vcex-spacing\" style=\"height:45px\"><\/div>[\/vc_column][\/vc_row][vc_row disable_element=&#8221;yes&#8221;][vc_column]<div class=\"vcex-spacing\" style=\"height:100px\"><\/div>[vc_row_inner][vc_column_inner width=&#8221;1\/2&#8243;][vc_single_image image=&#8221;16044&#8243; css=&#8221;&#8221;][\/vc_column_inner][vc_column_inner width=&#8221;1\/2&#8243;][vc_single_image image=&#8221;16051&#8243; css=&#8221;&#8221;][\/vc_column_inner][\/vc_row_inner][vc_row_inner][vc_column_inner width=&#8221;1\/2&#8243;][\/vc_column_inner][vc_column_inner width=&#8221;1\/2&#8243;][\/vc_column_inner][\/vc_row_inner]<div class=\"vcex-spacing\" style=\"height:80px\"><\/div>[\/vc_column][\/vc_row][vc_row][vc_column]<div class=\"vcex-spacing\" style=\"height:60px\"><\/div>[vc_column_text css=&#8221;&#8221; el_class=&#8221;textocabecera centrarmobile&#8221;]\n<h2 style=\"text-align: center;\">Continuo experimentant amb les receptes. Tot per a crear nous sabors que sorprenguin les nostres clientes<\/h2>\n[\/vc_column_text]<div class=\"vcex-spacing\" style=\"height:30px\"><\/div>[\/vc_column][\/vc_row][vc_row][vc_column width=&#8221;1\/3&#8243;]<div class=\"vcex-spacing\" style=\"height:30px\"><\/div>[vc_single_image image=&#8221;16308&#8243; img_size=&#8221;650&#215;650&#8243; onclick=&#8221;link_image&#8221; css=&#8221;&#8221; el_class=&#8221;borde_redondeado&#8221;][\/vc_column][vc_column width=&#8221;2\/3&#8243; css=&#8221;.vc_custom_1744106681509{padding-left: 40px !important;}&#8221; el_class=&#8221;nopaddingmobile&#8221;]<div class=\"vcex-spacing\" style=\"height:30px\"><\/div>[vc_column_text css=&#8221;&#8221; el_class=&#8221;centrarmobile&#8221;]Soc en Joel i, en primer lloc, et vull explicar que no nom\u00e9s soc xef. Tamb\u00e9 soc pare de 3 i quan toca, electricista, jardiner o el que faci falta.<\/p>\n<p>Per\u00f2 s\u00ed, la meva gran passi\u00f3 fa anys que \u00e9s la cuina. Vaig comen\u00e7ar aquesta aventura l&#8217;any 2017 creant les bases de les receptes amb en Toni Rodr\u00edguez, un incre\u00efble xef veg\u00e0 reconegut mundialment.<\/p>\n<p>Des de llavors, continuo experimentant amb la cuina, tractant d&#8217;impregnar cada plat amb els nostres valors vegans i de sostenibilitat, sense perdre l&#8217;ess\u00e8ncia de les receptes ni la qualitat gastron\u00f2mica.<\/p>\n<p>El meu repte \u00e9s portar a la teva boca gustos i textures incre\u00efbles utilitzant productes 100% vegans, ecol\u00f2gics i de proximitat.<\/p>\n<p>En definitiva, intento que tota la nostra filosofia estigui reflectida en cada plat.<\/p>\n<p>Vull que s\u00e0pigues que degustar la nostra cuina va m\u00e9s enll\u00e0 d&#8217;experimentar un plaer sensorial dif\u00edcil d&#8217;oblidar. Tamb\u00e9 significa sentir la satisfacci\u00f3 de saber que est\u00e0s fent costat a un negoci que lluita per un m\u00f3n m\u00e9s just i solidari.[\/vc_column_text]<div class=\"vcex-spacing\" style=\"height:30px\"><\/div>[\/vc_column][\/vc_row][vc_row][vc_column]<div class=\"vcex-spacing\" style=\"height:60px\"><\/div>[vc_column_text css=&#8221;&#8221; el_class=&#8221;textocabecera&#8221;]\n<h3 style=\"text-align: center;\">Cuina vegana, sostenible i de proximitat<\/h3>\n[\/vc_column_text]<div class=\"vcex-spacing\" style=\"height:30px\"><\/div>[\/vc_column][\/vc_row][vc_row][vc_column width=&#8221;1\/6&#8243;][vc_column_text css=&#8221;&#8221;]\n<p style=\"text-align: center;\"><strong>Productes Km0<\/strong><\/p>\n<p style=\"text-align: center;\">Redu\u00efm la petjada de carboni comprant productes de proximitat.<\/p>\n[\/vc_column_text][vc_empty_space][\/vc_column][vc_column width=&#8221;1\/6&#8243;][vc_column_text css=&#8221;&#8221;]\n<p style=\"text-align: center;\"><strong>Productes de temporada<\/strong><\/p>\n<p style=\"text-align: center;\">Utilitzem ingredients frescos de temporada, una part trets directament del nostre hort.<\/p>\n[\/vc_column_text][vc_empty_space][\/vc_column][vc_column width=&#8221;1\/6&#8243;][vc_column_text css=&#8221;&#8221;]\n<p style=\"text-align: center;\"><strong>Productes ECO<\/strong><\/p>\n<p style=\"text-align: center;\">Cuidem el medi ambient i de la teva salut comprant productes amb segell ecol\u00f2gic.<\/p>\n[\/vc_column_text][vc_empty_space][\/vc_column][vc_column width=&#8221;1\/6&#8243;][vc_column_text css=&#8221;&#8221;]\n<p style=\"text-align: center;\"><strong>Pet friendly<\/strong><\/p>\n<p style=\"text-align: center;\">El teu amic de 4 potes podr\u00e0 acompanyar-te durant el sopar.<\/p>\n[\/vc_column_text][vc_empty_space][\/vc_column][vc_column width=&#8221;1\/6&#8243;][vc_column_text css=&#8221;&#8221;]\n<p style=\"text-align: center;\"><strong>Cuina 100% vegana<\/strong><\/p>\n<p style=\"text-align: center;\">A la nostra cuina utilitzem exclusivament ingredients d&#8217;origen vegetal. No haur\u00e0s de preocupar-te per res.<\/p>\n[\/vc_column_text][vc_empty_space][\/vc_column][vc_column width=&#8221;1\/6&#8243;][vc_column_text css=&#8221;&#8221;]\n<p style=\"text-align: center;\"><strong>Opci\u00f3 sense gluten segura<\/strong><\/p>\n<p style=\"text-align: center;\">Tenim molt controlat i separat el gluten a la nostra cuina.<\/p>\n[\/vc_column_text][vc_empty_space][\/vc_column][\/vc_row][vc_row][vc_column]<div class=\"vcex-spacing\" style=\"height:90px\"><\/div>[\/vc_column][\/vc_row][vc_row disable_element=&#8221;yes&#8221;][vc_column]<div class=\"vcex-spacing hidden-phone\" style=\"height:80px\"><\/div>[vc_column_text]\n<h2 style=\"text-align: center;\">Horari<\/h2>\n[\/vc_column_text]<div class=\"vcex-spacing\" style=\"height:30px\"><\/div>[\/vc_column][\/vc_row][vc_row disable_element=&#8221;yes&#8221; css=&#8221;.vc_custom_1744475547242{padding-bottom: 80px !important;}&#8221;][vc_column][vc_column_text css=&#8221;.vc_custom_1701850684714{padding-bottom: 50px !important;}&#8221; line_height=&#8221;12px&#8221;]\n<h3 style=\"text-align: center;\">Sopars de divendres, dissabtes, ponts i dates especials<\/h3>\n<h3 style=\"text-align: center;\">No obrim mai per dinar<\/h3>\n[\/vc_column_text][vc_column_text color=&#8221;#85a458&#8243; font_size=&#8221;20&#8243; font_weight=&#8221;700&#8243;]\n<p style=\"text-align: center;\">Torns<\/p>\n[\/vc_column_text][vc_column_text css=&#8221;.vc_custom_1701170979544{padding-bottom: 50px !important;}&#8221; line_height=&#8221;12px&#8221;]\n<h3 style=\"text-align: center;\">Primer torn 20h<\/h3>\n<h3 style=\"text-align: center;\">Segon torn 21.30h<\/h3>\n[\/vc_column_text][\/vc_column][\/vc_row][vc_row full_width=&#8221;stretch_row_content_no_spaces&#8221; css=&#8221;.vc_custom_1684398403109{padding-right: 20px !important;padding-left: 20px !important;background-color: #85a458 !important;}&#8221;][vc_column]<div class=\"vcex-spacing\" style=\"height:30px\"><\/div>[vc_column_text css=&#8221;&#8221; color=&#8221;#ffffff&#8221; el_class=&#8221;textogrande&#8221;]\n<p style=\"color: white; text-align: center;\">Pots reservar la teva taula per <strong>WhatsApp<\/strong><\/p>\n<p style=\"text-align: center; color: white;\"><span style=\"color: #ffffff;\"><a style=\"color: #ffffff;\" href=\"https:\/\/api.whatsapp.com\/send?phone=34651364656&amp;text=Hola,%20quiero%20hacer%20una%20consulta\" target=\"_blank\" rel=\"noopener\"><img decoding=\"async\" style=\"width: 37px; margin-bottom: -8px;\" src=\"https:\/\/casaalbets.cat\/wp-content\/uploads\/2025\/04\/WhatsApp_icon-1.png\" \/><strong>651364656<\/strong><\/a><\/span><\/p>\n[\/vc_column_text]<div class=\"vcex-spacing\" style=\"height:30px\"><\/div>[\/vc_column][\/vc_row][vc_row][vc_column]<div class=\"vcex-spacing\" style=\"height:60px\"><\/div>[vc_column_text css=&#8221;&#8221;]\n<p style=\"text-align: center;\"><strong>Tot i que si vols gaudir completament de l&#8217;experi\u00e8ncia Casa Albets&#8230; et recomano reservar directament una escapada, ja que totes les reserves d&#8217;hotel inclouen tant esmorzar com sopar.<\/strong><\/p>\n[\/vc_column_text]<div class=\"vcex-spacing\" style=\"height:30px\"><\/div>[vc_column_text css=&#8221;&#8221; el_class=&#8221;cta_nsc&#8221;]\n<h3 style=\"text-align: center;\">Regala&#8217;t l&#8217;experi\u00e8ncia completa Casa Albets i reserva la teva estada amb sopar degustaci\u00f3 inclosa <span class=\"vc_icon_element-icon fas fa-chevron-right\">\u00a0<\/span><\/h3>\n[\/vc_column_text]<div class=\"vcex-spacing\" style=\"height:100px\"><\/div>[\/vc_column][\/vc_row][vc_row full_width=&#8221;stretch_row_content_no_spaces&#8221; disable_element=&#8221;yes&#8221;][vc_column]<div class=\"vcex-module wpex-carousel wpex-carousel-images clr owl-carousel no-margins arrwstyle-min arrwpos-abs\" data-items=\"4\" data-slideby=\"1\" data-nav=\"true\" data-dots=\"false\" data-autoplay=\"true\" data-loop=\"true\" data-autoplay-timeout=\"5000\" data-center=\"false\" data-margin=\"0\" data-items-tablet=\"3\" data-items-mobile-landscape=\"2\" data-items-mobile-portrait=\"1\" data-smart-speed=\"150\" data-auto-height=\"false\" data-auto-width=\"false\"><div class=\"wpex-carousel-slide\"><figure class=\"wpex-carousel-entry-media clr\"><img loading=\"lazy\" decoding=\"async\" src=\"https:\/\/casaalbets.cat\/wp-content\/uploads\/2023\/05\/MG_3929-scaled.jpg\" width=\"1707\" height=\"2560\" alt=\" MG 3929\" data-no-retina=\"\" \/><\/figure><\/div><div class=\"wpex-carousel-slide\"><figure class=\"wpex-carousel-entry-media clr\"><img loading=\"lazy\" decoding=\"async\" src=\"https:\/\/casaalbets.cat\/wp-content\/uploads\/2023\/05\/MG_0513-scaled.jpg\" width=\"1707\" height=\"2560\" alt=\" MG 0513\" data-no-retina=\"\" \/><\/figure><\/div><div class=\"wpex-carousel-slide\"><figure class=\"wpex-carousel-entry-media clr\"><img loading=\"lazy\" decoding=\"async\" src=\"https:\/\/casaalbets.cat\/wp-content\/uploads\/2023\/05\/MG_0437-scaled.jpg\" width=\"1707\" height=\"2560\" alt=\" MG 0437\" data-no-retina=\"\" \/><\/figure><\/div><div class=\"wpex-carousel-slide\"><figure class=\"wpex-carousel-entry-media clr\"><img loading=\"lazy\" decoding=\"async\" src=\"https:\/\/casaalbets.cat\/wp-content\/uploads\/2023\/05\/MG_0404-scaled.jpg\" width=\"1707\" height=\"2560\" alt=\" MG 0404\" data-no-retina=\"\" \/><\/figure><\/div><div class=\"wpex-carousel-slide\"><figure class=\"wpex-carousel-entry-media clr\"><img loading=\"lazy\" decoding=\"async\" src=\"https:\/\/casaalbets.cat\/wp-content\/uploads\/2023\/05\/MG_0401-scaled.jpg\" width=\"1707\" height=\"2560\" alt=\" MG 0401\" data-no-retina=\"\" \/><\/figure><\/div><\/div>[\/vc_column][\/vc_row][vc_row][vc_column][vc_icon icon_fontawesome=&#8221;fas fa-angle-right&#8221; css=&#8221;&#8221; el_class=&#8221;displaynone&#8221;][\/vc_column][\/vc_row]\n<\/div>","protected":false},"excerpt":{"rendered":"<p>[vc_row full_width=&#8221;stretch_row_content_no_spaces&#8221; el_class=&#8221;header-pages&#8221; css=&#8221;.vc_custom_1744473057420{margin-bottom: 50px !important;background-image: url(https:\/\/casaalbets.cat\/wp-content\/uploads\/2025\/04\/F16-Verde-cabecera.jpg?id=16266) !important;background-position: center !important;background-repeat: no-repeat !important;background-size: cover !important;}&#8221; wpex_bg_position=&#8221;bottom center&#8221;][vc_column el_class=&#8221;column-bg&#8221; css=&#8221;.vc_custom_1525846768800{padding-top: 180px !important;padding-bottom: 180px !important;}&#8221;][vc_column_text css=&#8221;&#8221; el_class=&#8221;cabecera1&#8243;] Alta cuina vegana a menys de 2 hores de Barcelona [\/vc_column_text][vc_column_text css=&#8221;&#8221; el_class=&#8221;cabecera2&#8243;] Dona&#8217;t un capritx.&hellip;<\/p>\n","protected":false},"author":17,"featured_media":0,"parent":0,"menu_order":0,"comment_status":"closed","ping_status":"closed","template":"","meta":{"_joinchat":[],"footnotes":""},"yoast_head":"<!-- This site is optimized with the Yoast SEO plugin v23.0 - https:\/\/yoast.com\/wordpress\/plugins\/seo\/ -->\n<title>RESTAURANT - Casa Albets<\/title>\n<meta name=\"robots\" content=\"index, follow, max-snippet:-1, max-image-preview:large, max-video-preview:-1\" \/>\n<link rel=\"canonical\" href=\"https:\/\/casaalbets.cat\/ca\/restaurant\/\" \/>\n<meta property=\"og:locale\" content=\"ca_ES\" \/>\n<meta property=\"og:type\" content=\"article\" \/>\n<meta property=\"og:title\" content=\"RESTAURANT - Casa Albets\" \/>\n<meta property=\"og:description\" content=\"[vc_row full_width=&#8221;stretch_row_content_no_spaces&#8221; el_class=&#8221;header-pages&#8221; css=&#8221;.vc_custom_1744473057420{margin-bottom: 50px !important;background-image: url(https:\/\/casaalbets.cat\/wp-content\/uploads\/2025\/04\/F16-Verde-cabecera.jpg?id=16266) !important;background-position: center !important;background-repeat: no-repeat !important;background-size: cover !important;}&#8221; wpex_bg_position=&#8221;bottom center&#8221;][vc_column el_class=&#8221;column-bg&#8221; css=&#8221;.vc_custom_1525846768800{padding-top: 180px !important;padding-bottom: 180px !important;}&#8221;][vc_column_text css=&#8221;&#8221; el_class=&#8221;cabecera1&#8243;] Alta cuina vegana a menys de 2 hores de Barcelona [\/vc_column_text][vc_column_text css=&#8221;&#8221; el_class=&#8221;cabecera2&#8243;] Dona&#8217;t un capritx.&hellip;\" \/>\n<meta property=\"og:url\" content=\"https:\/\/casaalbets.cat\/ca\/restaurant\/\" \/>\n<meta property=\"og:site_name\" content=\"Casa Albets\" \/>\n<meta property=\"article:modified_time\" content=\"2026-04-29T08:02:22+00:00\" \/>\n<meta property=\"og:image\" content=\"https:\/\/casaalbets.cat\/wp-content\/uploads\/2025\/04\/WhatsApp_icon-1.png\" \/>\n<meta name=\"twitter:card\" content=\"summary_large_image\" \/>\n<meta name=\"twitter:label1\" content=\"Temps estimat de lectura\" \/>\n\t<meta name=\"twitter:data1\" content=\"5 minuts\" \/>\n<script type=\"application\/ld+json\" class=\"yoast-schema-graph\">{\"@context\":\"https:\/\/schema.org\",\"@graph\":[{\"@type\":\"WebPage\",\"@id\":\"https:\/\/casaalbets.cat\/ca\/restaurant\/\",\"url\":\"https:\/\/casaalbets.cat\/ca\/restaurant\/\",\"name\":\"RESTAURANT - Casa Albets\",\"isPartOf\":{\"@id\":\"https:\/\/casaalbets.cat\/ca\/#website\"},\"primaryImageOfPage\":{\"@id\":\"https:\/\/casaalbets.cat\/ca\/restaurant\/#primaryimage\"},\"image\":{\"@id\":\"https:\/\/casaalbets.cat\/ca\/restaurant\/#primaryimage\"},\"thumbnailUrl\":\"https:\/\/casaalbets.cat\/wp-content\/uploads\/2025\/04\/WhatsApp_icon-1.png\",\"datePublished\":\"2023-05-17T16:04:33+00:00\",\"dateModified\":\"2026-04-29T08:02:22+00:00\",\"breadcrumb\":{\"@id\":\"https:\/\/casaalbets.cat\/ca\/restaurant\/#breadcrumb\"},\"inLanguage\":\"ca\",\"potentialAction\":[{\"@type\":\"ReadAction\",\"target\":[\"https:\/\/casaalbets.cat\/ca\/restaurant\/\"]}]},{\"@type\":\"ImageObject\",\"inLanguage\":\"ca\",\"@id\":\"https:\/\/casaalbets.cat\/ca\/restaurant\/#primaryimage\",\"url\":\"https:\/\/casaalbets.cat\/wp-content\/uploads\/2025\/04\/WhatsApp_icon-1.png\",\"contentUrl\":\"https:\/\/casaalbets.cat\/wp-content\/uploads\/2025\/04\/WhatsApp_icon-1.png\"},{\"@type\":\"BreadcrumbList\",\"@id\":\"https:\/\/casaalbets.cat\/ca\/restaurant\/#breadcrumb\",\"itemListElement\":[{\"@type\":\"ListItem\",\"position\":1,\"name\":\"Portada\",\"item\":\"https:\/\/casaalbets.cat\/ca\/\"},{\"@type\":\"ListItem\",\"position\":2,\"name\":\"RESTAURANT\"}]},{\"@type\":\"WebSite\",\"@id\":\"https:\/\/casaalbets.cat\/ca\/#website\",\"url\":\"https:\/\/casaalbets.cat\/ca\/\",\"name\":\"Casa Albets\",\"description\":\"Hotel ecol\u00f3gico\",\"potentialAction\":[{\"@type\":\"SearchAction\",\"target\":{\"@type\":\"EntryPoint\",\"urlTemplate\":\"https:\/\/casaalbets.cat\/ca\/?s={search_term_string}\"},\"query-input\":\"required name=search_term_string\"}],\"inLanguage\":\"ca\"}]}<\/script>\n<!-- \/ Yoast SEO plugin. -->","yoast_head_json":{"title":"RESTAURANT - Casa Albets","robots":{"index":"index","follow":"follow","max-snippet":"max-snippet:-1","max-image-preview":"max-image-preview:large","max-video-preview":"max-video-preview:-1"},"canonical":"https:\/\/casaalbets.cat\/ca\/restaurant\/","og_locale":"ca_ES","og_type":"article","og_title":"RESTAURANT - Casa Albets","og_description":"[vc_row full_width=&#8221;stretch_row_content_no_spaces&#8221; el_class=&#8221;header-pages&#8221; css=&#8221;.vc_custom_1744473057420{margin-bottom: 50px !important;background-image: url(https:\/\/casaalbets.cat\/wp-content\/uploads\/2025\/04\/F16-Verde-cabecera.jpg?id=16266) !important;background-position: center !important;background-repeat: no-repeat !important;background-size: cover !important;}&#8221; wpex_bg_position=&#8221;bottom center&#8221;][vc_column el_class=&#8221;column-bg&#8221; css=&#8221;.vc_custom_1525846768800{padding-top: 180px !important;padding-bottom: 180px !important;}&#8221;][vc_column_text css=&#8221;&#8221; el_class=&#8221;cabecera1&#8243;] Alta cuina vegana a menys de 2 hores de Barcelona [\/vc_column_text][vc_column_text css=&#8221;&#8221; el_class=&#8221;cabecera2&#8243;] Dona&#8217;t un capritx.&hellip;","og_url":"https:\/\/casaalbets.cat\/ca\/restaurant\/","og_site_name":"Casa Albets","article_modified_time":"2026-04-29T08:02:22+00:00","og_image":[{"url":"https:\/\/casaalbets.cat\/wp-content\/uploads\/2025\/04\/WhatsApp_icon-1.png"}],"twitter_card":"summary_large_image","twitter_misc":{"Temps estimat de lectura":"5 minuts"},"schema":{"@context":"https:\/\/schema.org","@graph":[{"@type":"WebPage","@id":"https:\/\/casaalbets.cat\/ca\/restaurant\/","url":"https:\/\/casaalbets.cat\/ca\/restaurant\/","name":"RESTAURANT - Casa Albets","isPartOf":{"@id":"https:\/\/casaalbets.cat\/ca\/#website"},"primaryImageOfPage":{"@id":"https:\/\/casaalbets.cat\/ca\/restaurant\/#primaryimage"},"image":{"@id":"https:\/\/casaalbets.cat\/ca\/restaurant\/#primaryimage"},"thumbnailUrl":"https:\/\/casaalbets.cat\/wp-content\/uploads\/2025\/04\/WhatsApp_icon-1.png","datePublished":"2023-05-17T16:04:33+00:00","dateModified":"2026-04-29T08:02:22+00:00","breadcrumb":{"@id":"https:\/\/casaalbets.cat\/ca\/restaurant\/#breadcrumb"},"inLanguage":"ca","potentialAction":[{"@type":"ReadAction","target":["https:\/\/casaalbets.cat\/ca\/restaurant\/"]}]},{"@type":"ImageObject","inLanguage":"ca","@id":"https:\/\/casaalbets.cat\/ca\/restaurant\/#primaryimage","url":"https:\/\/casaalbets.cat\/wp-content\/uploads\/2025\/04\/WhatsApp_icon-1.png","contentUrl":"https:\/\/casaalbets.cat\/wp-content\/uploads\/2025\/04\/WhatsApp_icon-1.png"},{"@type":"BreadcrumbList","@id":"https:\/\/casaalbets.cat\/ca\/restaurant\/#breadcrumb","itemListElement":[{"@type":"ListItem","position":1,"name":"Portada","item":"https:\/\/casaalbets.cat\/ca\/"},{"@type":"ListItem","position":2,"name":"RESTAURANT"}]},{"@type":"WebSite","@id":"https:\/\/casaalbets.cat\/ca\/#website","url":"https:\/\/casaalbets.cat\/ca\/","name":"Casa Albets","description":"Hotel ecol\u00f3gico","potentialAction":[{"@type":"SearchAction","target":{"@type":"EntryPoint","urlTemplate":"https:\/\/casaalbets.cat\/ca\/?s={search_term_string}"},"query-input":"required name=search_term_string"}],"inLanguage":"ca"}]}},"_links":{"self":[{"href":"https:\/\/casaalbets.cat\/ca\/wp-json\/wp\/v2\/pages\/14202"}],"collection":[{"href":"https:\/\/casaalbets.cat\/ca\/wp-json\/wp\/v2\/pages"}],"about":[{"href":"https:\/\/casaalbets.cat\/ca\/wp-json\/wp\/v2\/types\/page"}],"author":[{"embeddable":true,"href":"https:\/\/casaalbets.cat\/ca\/wp-json\/wp\/v2\/users\/17"}],"replies":[{"embeddable":true,"href":"https:\/\/casaalbets.cat\/ca\/wp-json\/wp\/v2\/comments?post=14202"}],"version-history":[{"count":8,"href":"https:\/\/casaalbets.cat\/ca\/wp-json\/wp\/v2\/pages\/14202\/revisions"}],"predecessor-version":[{"id":17407,"href":"https:\/\/casaalbets.cat\/ca\/wp-json\/wp\/v2\/pages\/14202\/revisions\/17407"}],"wp:attachment":[{"href":"https:\/\/casaalbets.cat\/ca\/wp-json\/wp\/v2\/media?parent=14202"}],"curies":[{"name":"wp","href":"https:\/\/api.w.org\/{rel}","templated":true}]}}