{"id":5773,"date":"2018-05-11T16:20:34","date_gmt":"2018-05-11T16:20:34","guid":{"rendered":"https:\/\/casaalbets.cat\/?page_id=5773"},"modified":"2025-05-29T14:09:00","modified_gmt":"2025-05-29T14:09:00","slug":"inicio","status":"publish","type":"page","link":"https:\/\/casaalbets.cat\/ca\/","title":{"rendered":"Inici"},"content":{"rendered":"<div class=\"wpb-content-wrapper\">[vc_row bg_style=&#8221;stretch&#8221; css=&#8221;.vc_custom_1525974529039{padding-top: 0px !important;padding-bottom: 30px !important;}&#8221;][vc_column offset=&#8221;vc_hidden-lg vc_hidden-md vc_hidden-sm vc_hidden-xs&#8221;]<div class=\"templatera_shortcode\"><div class=\"vc_row wpb_row vc_row-fluid\"><div class=\"wpb_column vc_column_container vc_col-sm-12\"><div class=\"vc_column-inner\"><div class=\"wpb_wrapper\">\n\t<div class=\"wpb_raw_code wpb_raw_js\" >\n\t\t<div class=\"wpb_wrapper\">\n\t\t\t<script src=\"https:\/\/ajax.googleapis.com\/ajax\/libs\/jquery\/1.11.3\/jquery.min.js\"><\/script>\n<script src=\"https:\/\/ajax.googleapis.com\/ajax\/libs\/jqueryui\/1.11.4\/jquery-ui.min.js\">\n<\/script>\n <script type=\"text\/javascript\">\n    $(function() {\n            $.datepicker.regional['CA'] = {\n\n\t\tcloseText: 'Tancar',\n\t\tprevText: '&#x3c;Ant',\n\t\tnextText: 'Seg&#x3e;',\n\t\tcurrentText: 'Avui',\n\t\tmonthNames: ['Gener','Febrer','Mar\ufffd','Abril','Maig','Juny',\n\t\t'Juliol','Agost','Septembre','Octubre','Novembre','Decembre'],\n\t\tmonthNamesShort: ['Gen','Feb','Mar','Abr','Mai','Jun',\n\t\t'Jul','Ago','Sep','Oct','Nov','Dec'],\n\t\tdayNames: ['Diumenge','Dilluns','Dimarts','Dimecres','Dijous','Divendres','Dissabte'],\n\t\tdayNamesShort: ['Diu','Dil','Dim','Dim','Dij','Div','Dis'],\n\t\tdayNamesMin: ['Di','Dl','Dm','De','Dj','Dv','Ds'],\n\t\tweekHeader: 'Sm',\n\t\tdateFormat: 'dd\/mm\/y',\nminDate: 0,\nshowOn: \"button\",\n                buttonImage: \"\/wp-content\/uploads\/2018\/05\/calendar.png\",\n\t\tfirstDay: 1,\n\t\tisRTL: false,\n\t\tshowMonthAfterYear: false,\n\t\tyearSuffix: ''};\n        $.datepicker.setDefaults($.datepicker.regional['CA']);\n        $(\"#desde\").datepicker();\n        $('#desde').datepicker('option', 'dateFormat', 'dd\/mm\/y');\n        \n        $(\"#desde\").datepicker().datepicker(\"setDate\", new Date());\n        var nextday= $('#desde').datepicker('getDate', '+1d');\n         nextday.setDate(nextday.getDate()+1); \n        $(\"#hasta\").datepicker();\n        $('#hasta').datepicker('option', 'dateFormat', 'dd\/mm\/y');\n\n        $(\"#hasta\").datepicker().datepicker(\"setDate\", nextday);\n\n\n    }); \n\n<\/script>\n\t\t<\/div>\n\t<\/div>\n<\/div><\/div><\/div><\/div><div data-vc-full-width=\"true\" data-vc-full-width-init=\"false\" data-vc-stretch-content=\"true\" class=\"vc_row wpb_row vc_row-fluid vc_custom_1526989605829 vc_row-no-padding wpex-vc-row-stretched\"><div class=\"wpb_column vc_column_container vc_col-sm-12\"><div class=\"vc_column-inner\"><div class=\"wpb_wrapper\">\n\t<div class=\"wpb_text_column wpb_content_element\" >\n\t\t<div class=\"wpb_wrapper\">\n\t\t\t<form style=\"text-align: -webkit-center;\" action=\"\/ca\/reserves\/\" method=\"get\">\n<input name=\"channelkey\" type=\"hidden\" value=\"61544FB7-C3D6-327C-E053-8226C60A3A19\" \/><\/p>\n<div id=\"myBooking\" class=\"row booking\">\n<div class=\"column column-booking\"><label for=\"desde\">ENTRADA<\/label><br \/>\n<input id=\"desde\" style=\"max-width: 90px; position: relative;\" name=\"desde\" type=\"text\" value=\"\" \/><\/div>\n<div class=\"column column-booking\"><label for=\"hasta\">SORTIDA<\/label><br \/>\n<input id=\"hasta\" style=\"max-width: 90px; position: relative;\" name=\"hasta\" type=\"text\" value=\"\" \/><\/div>\n<div class=\"column column-booking\"><label for=\"desde\">\u00a0<\/label><br \/>\n<input id=\"enviar\" style=\"border-radius: 0; background: #7d9e4d; color: #fff; font-size: 13px; border: 0px solid #000; margin-left: 10px; height: 35px; padding-left: 50px; padding-right: 50px;\" type=\"submit\" value=\"CERCA\" \/><\/div>\n<\/div>\n<p><input name=\"fullintegration\" type=\"hidden\" value=\"1\" \/><br \/>\n<input name=\"vscroll\" type=\"hidden\" value=\"1\" \/><br \/>\n<input name=\"idiomaid\" type=\"hidden\" value=\"ca\" \/><br \/>\n<input name=\"temp\" type=\"hidden\" value=\"0\" \/><\/p>\n<\/form>\n\n\t\t<\/div>\n\t<\/div>\n<div class=\"vc_separator wpb_content_element vc_separator_align_center vc_sep_width_100 vc_sep_pos_align_center vc_separator_no_text vc_sep_color_grey vc_custom_1526990104747 wpb_content_element  vc_custom_1526990104747 wpb_content_element\" ><span class=\"vc_sep_holder vc_sep_holder_l\"><span class=\"vc_sep_line\"><\/span><\/span><span class=\"vc_sep_holder vc_sep_holder_r\"><span class=\"vc_sep_line\"><\/span><\/span>\n<\/div><\/div><\/div><\/div><\/div><div class=\"vc_row-full-width vc_clearfix\"><\/div>\r\n<\/div>[\/vc_column][\/vc_row][vc_row full_width=&#8221;stretch_row_content_no_spaces&#8221; wpex_bg_overlay=&#8221;color&#8221; wpex_bg_overlay_color=&#8221;#668d2e&#8221;][vc_column]<div class=\"vcex-spacing\" style=\"height:60px\"><\/div>[vc_column_text css=&#8221;&#8221; el_class=&#8221;textocabecera_blanco&#8221;]\n<p style=\"text-align: center;\">Quant fa que no et dediques un temps per a tu?<\/p>\n[\/vc_column_text]<div class=\"vcex-spacing\" style=\"height:30px\"><\/div>[vc_column_text css=&#8221;&#8221; el_class=&#8221;texto_blanco&#8221;]\n<p style=\"text-align: center;\">Vivim en una societat que aplaudeix la productivitat, per\u00f2 tamb\u00e9 l&#8217;esgotament.<\/p>\n<p style=\"text-align: center;\">Ara imagina.<\/p>\n<p style=\"text-align: center;\">Imagina despertar-te sense alarma, prendre&#8217;t un caf\u00e8 sense presses i esmorzar fruita<br \/>\nacabada de tallar i una torrada amb no-ous remenats mentre contemples les muntanyes,<br \/>\npassejar per un bosc i acabar el dia amb un delici\u00f3s sopar degustaci\u00f3 gaudint de noves textures i sabors.<\/p>\n<p style=\"text-align: center;\">A Casa Albets et convidem a parar, a regalar-te un espai de calma, gaudi i bon menjar.<\/p>\n<p style=\"text-align: center;\">Som-hi?<\/p>\n[\/vc_column_text]<div class=\"vcex-spacing\" style=\"height:60px\"><\/div>[\/vc_column][\/vc_row][vc_row][vc_column]<div class=\"vcex-spacing\" style=\"height:60px\"><\/div>[vc_column_text css=&#8221;&#8221; el_class=&#8221;textocabecera&#8221;]\n<h3 style=\"text-align: center;\">Aconsegueix la pau i la calma que necessites entre muntanyes<\/h3>\n[\/vc_column_text]<div class=\"vcex-spacing\" style=\"height:30px\"><\/div>[vc_column_text css=&#8221;&#8221;]\n<p style=\"text-align: center;\">Casa Albets \u00e9s una masia del segle XI que es troba a menys de 2 hores de Barcelona i a nom\u00e9s 20 minuts de la hist\u00f2rica ciutat de Solsona.<\/p>\n<p style=\"text-align: center;\">Aqu\u00ed, el color predominant \u00e9s el verd: veur\u00e0s arbres en lloc d&#8217;edificis i sentir\u00e0s cantar ocells en comptes de sorolls de cotxes. \u00c9s l&#8217;escenari per a relaxar-te passejant per camins boscosos o contemplant la posta de sol entre muntanyes.<\/p>\n[\/vc_column_text]<div class=\"vcex-spacing\" style=\"height:30px\"><\/div>[\/vc_column][\/vc_row][vc_row][vc_column width=&#8221;1\/3&#8243;][vc_single_image image=&#8221;16180&#8243; img_size=&#8221;380&#215;380&#8243; onclick=&#8221;link_image&#8221; css=&#8221;&#8221; el_class=&#8221;borde_redondeado&#8221;][\/vc_column][vc_column width=&#8221;1\/3&#8243;][vc_single_image image=&#8221;16186&#8243; img_size=&#8221;380&#215;380&#8243; onclick=&#8221;link_image&#8221; css=&#8221;&#8221; el_class=&#8221;borde_redondeado&#8221;][\/vc_column][vc_column width=&#8221;1\/3&#8243;][vc_single_image image=&#8221;16192&#8243; img_size=&#8221;380&#215;380&#8243; onclick=&#8221;link_image&#8221; css=&#8221;&#8221; el_class=&#8221;borde_redondeado&#8221;][\/vc_column][\/vc_row][vc_row][vc_column]<div class=\"vcex-spacing\" style=\"height:60px\"><\/div>[vc_column_text css=&#8221;&#8221; el_class=&#8221;textocabecera&#8221;]\n<h3 style=\"text-align: center;\">Descobreix els plats del nostre restaurant veg\u00e0<\/h3>\n[\/vc_column_text]<div class=\"vcex-spacing\" style=\"height:30px\"><\/div>[vc_column_text css=&#8221;&#8221;]\n<p style=\"text-align: center;\">Qui ha dit que el menjar veg\u00e0 \u00e9s avorrit i ins\u00edpid?<\/p>\n<p style=\"text-align: center;\">A Casa Albets, som la prova que la cuina vegana pot ser sabrosa, sorprenentment rica i saludable. No perqu\u00e8 ho diguem nosaltres, les ressenyes de les nostres clientes ens avalen.<\/p>\n<p style=\"text-align: center;\">El nostre xef, Joel Llurda, ha creat vuit men\u00fas degustaci\u00f3 de 7 plats elaborats amb productes ecol\u00f2gics i de proximitat que sorprenen tant persones veganes com no veganes.<\/p>\n[\/vc_column_text]<div class=\"vcex-spacing\" style=\"height:30px\"><\/div>[\/vc_column][\/vc_row][vc_row][vc_column width=&#8221;1\/3&#8243;][vc_single_image image=&#8221;16200&#8243; img_size=&#8221;380&#215;550&#8243; onclick=&#8221;link_image&#8221; css=&#8221;&#8221; el_class=&#8221;borde_redondeado&#8221;][\/vc_column][vc_column width=&#8221;1\/3&#8243;][vc_single_image image=&#8221;16206&#8243; img_size=&#8221;380&#215;550&#8243; onclick=&#8221;link_image&#8221; css=&#8221;&#8221; el_class=&#8221;borde_redondeado&#8221;][\/vc_column][vc_column width=&#8221;1\/3&#8243;][vc_single_image image=&#8221;16212&#8243; img_size=&#8221;380&#215;550&#8243; onclick=&#8221;link_image&#8221; css=&#8221;&#8221; el_class=&#8221;borde_redondeado&#8221;][\/vc_column][\/vc_row][vc_row][vc_column]<div class=\"vcex-spacing\" style=\"height:30px\"><\/div>[vc_btn title=&#8221;D\u00f3na un cop d&#8217;ull al nostre men\u00fa&#8221; align=&#8221;center&#8221; css=&#8221;&#8221; link=&#8221;url:https%3A%2F%2Fnuevaweb.casaalbets.com%2Fca%2Frestaurant%2F&#8221; el_class=&#8221;boton_casaalbets&#8221;][\/vc_column][\/vc_row][vc_row][vc_column]<div class=\"vcex-spacing\" style=\"height:60px\"><\/div>[vc_column_text css=&#8221;&#8221; el_class=&#8221;textocabecera&#8221;]\n<h3 style=\"text-align: center;\">Troba el teu espai de benestar a les nostres habitacions<\/h3>\n[\/vc_column_text]<div class=\"vcex-spacing\" style=\"height:30px\"><\/div>[vc_column_text css=&#8221;&#8221;]\n<p style=\"text-align: center;\">Casa Albets conserva el seu car\u00e0cter r\u00fastic tot incorporant l&#8217;\u00faltima tecnologia perqu\u00e8 puguis experimentar el m\u00e0xim confort amb el menor impacte ambiental possible.<\/p>\n<p style=\"text-align: center;\">A les nostres habitacions podr\u00e0s trobar productes vegans i ecol\u00f2gics, dormir sobre magn\u00edfics matalassos fets a m\u00e0 a Catalunya, o regalar-te una banyera relaxant despr\u00e9s d&#8217;un dia de senderisme.<\/p>\n[\/vc_column_text]<div class=\"vcex-spacing\" style=\"height:30px\"><\/div>[\/vc_column][\/vc_row][vc_row][vc_column width=&#8221;1\/3&#8243;][vc_single_image image=&#8221;16218&#8243; img_size=&#8221;500&#215;380&#8243; onclick=&#8221;link_image&#8221; css=&#8221;&#8221; el_class=&#8221;borde_redondeado&#8221;][\/vc_column][vc_column width=&#8221;1\/3&#8243;][vc_single_image image=&#8221;16224&#8243; img_size=&#8221;500&#215;380&#8243; onclick=&#8221;link_image&#8221; css=&#8221;&#8221; el_class=&#8221;borde_redondeado&#8221;][\/vc_column][vc_column width=&#8221;1\/3&#8243;][vc_single_image image=&#8221;16230&#8243; img_size=&#8221;500&#215;380&#8243; onclick=&#8221;link_image&#8221; css=&#8221;&#8221; el_class=&#8221;borde_redondeado&#8221;][\/vc_column][\/vc_row][vc_row][vc_column]<div class=\"vcex-spacing\" style=\"height:30px\"><\/div>[vc_btn title=&#8221;Tria la teva habitaci\u00f3&#8221; align=&#8221;center&#8221; css=&#8221;&#8221; link=&#8221;url:https%3A%2F%2Fnuevaweb.casaalbets.com%2Fca%2Fhabitaciones%2F&#8221; el_class=&#8221;boton_casaalbets&#8221;][\/vc_column][\/vc_row][vc_row][vc_column]<div class=\"vcex-spacing\" style=\"height:60px\"><\/div>[vc_column_text css=&#8221;&#8221; el_class=&#8221;textocabecera&#8221;]\n<h3 style=\"text-align: center;\">Viatja amb el teu pelut sense preocupar-te de res<\/h3>\n[\/vc_column_text]<div class=\"vcex-spacing\" style=\"height:30px\"><\/div>[vc_column_text css=&#8221;&#8221;]\n<p style=\"text-align: center;\">Viatges amb el teu gos? Sabem que els teus animals s\u00f3n part de la fam\u00edlia. Nosaltres pensem igual, per aix\u00f2 el teu company ser\u00e0 m\u00e9s que benvingut aqu\u00ed perqu\u00e8 gaudiu junts d&#8217;una experi\u00e8ncia inoblidable.<\/p>\n<p style=\"text-align: center;\">Llits de totes les mides, bols per menjar i beure, i atenci\u00f3 personalitzada, s\u00f3n algunes de les facilitats que oferim per a cobrir les seves necessitats.<\/p>\n[\/vc_column_text]<div class=\"vcex-spacing\" style=\"height:30px\"><\/div>[\/vc_column][\/vc_row][vc_row][vc_column width=&#8221;1\/3&#8243;][vc_single_image image=&#8221;16236&#8243; img_size=&#8221;380&#215;380&#8243; onclick=&#8221;link_image&#8221; css=&#8221;&#8221; el_class=&#8221;borde_redondeado&#8221;][\/vc_column][vc_column width=&#8221;1\/3&#8243;][vc_single_image image=&#8221;16242&#8243; img_size=&#8221;380&#215;380&#8243; onclick=&#8221;link_image&#8221; css=&#8221;&#8221; el_class=&#8221;borde_redondeado&#8221;][\/vc_column][vc_column width=&#8221;1\/3&#8243;][vc_single_image image=&#8221;16248&#8243; img_size=&#8221;380&#215;380&#8243; onclick=&#8221;link_image&#8221; css=&#8221;&#8221; el_class=&#8221;borde_redondeado&#8221;][\/vc_column][\/vc_row][vc_row][vc_column]<div class=\"vcex-spacing\" style=\"height:30px\"><\/div>[vc_btn title=&#8221;Mira les nostres condicions&#8221; align=&#8221;center&#8221; css=&#8221;&#8221; link=&#8221;url:https%3A%2F%2Fnuevaweb.casaalbets.com%2Fca%2Fpet-friendly%2F&#8221; el_class=&#8221;boton_casaalbets&#8221;][\/vc_column][\/vc_row][vc_row][vc_column width=&#8221;2\/3&#8243;]<div class=\"vcex-spacing\" style=\"height:120px\"><\/div>[vc_column_text css=&#8221;&#8221; el_class=&#8221;textocabecera centrarmobile&#8221;]\n<h3 style=\"text-align: left;\">Som una fam\u00edlia emprenedora<\/h3>\n[\/vc_column_text]<div class=\"vcex-spacing\" style=\"height:30px\"><\/div>[vc_column_text css=&#8221;&#8221; el_class=&#8221;centrarmobile&#8221;]\n<p style=\"text-align: left;\">Som la Megan i en Joel, persones emprenedores i progenitors de tres infants, treballant conjuntament com a equip per a fer que Casa Albets sigui el que \u00e9s.<\/p>\n<p style=\"text-align: left;\">Els nostres inicis no van ser gens f\u00e0cils, per\u00f2 mai hem tirat la tovallola, ja que el nostre objectiu sempre ha estat molt clar: crear un espai de benestar i gaudi en l\u00ednia amb els nostres valors vegans i de sostenibilitat.<\/p>\n[\/vc_column_text][\/vc_column][vc_column width=&#8221;1\/3&#8243; css=&#8221;.vc_custom_1744106681509{padding-left: 40px !important;}&#8221; el_class=&#8221;nopaddingmobile&#8221;]<div class=\"vcex-spacing\" style=\"height:90px\"><\/div>[vc_single_image image=&#8221;16254&#8243; img_size=&#8221;650&#215;650&#8243; onclick=&#8221;link_image&#8221; css=&#8221;&#8221; el_class=&#8221;borde_redondeado&#8221;][\/vc_column][\/vc_row][vc_row][vc_column]<div class=\"vcex-spacing\" style=\"height:30px\"><\/div>[vc_btn title=&#8221;Aqu\u00ed t&#8217;expliquem m\u00e9s de la nostra hist\u00f2ria&#8221; align=&#8221;center&#8221; css=&#8221;&#8221; link=&#8221;url:%2Fca%2Fnosaltres%2F&#8221; el_class=&#8221;boton_casaalbets&#8221;][\/vc_column][\/vc_row][vc_row][vc_column]<div class=\"vcex-spacing\" style=\"height:60px\"><\/div>[vc_column_text css=&#8221;&#8221; el_class=&#8221;textocabecera&#8221;]\n<h3 style=\"text-align: center;\">Vols sorprendre amb un regal que guardi sempre a la mem\u00f2ria?<\/h3>\n[\/vc_column_text]<div class=\"vcex-spacing\" style=\"height:30px\"><\/div>[vc_column_text css=&#8221;&#8221;]\n<p style=\"text-align: center;\">Personalitzarem el teu regal.<\/p>\n[\/vc_column_text]<div class=\"vcex-spacing\" style=\"height:30px\"><\/div>[\/vc_column][\/vc_row][vc_row][vc_column][vc_single_image image=&#8221;16260&#8243; img_size=&#8221;800&#215;600&#8243; alignment=&#8221;center&#8221; onclick=&#8221;link_image&#8221; css=&#8221;&#8221; el_class=&#8221;borde_redondeado&#8221;][\/vc_column][\/vc_row][vc_row][vc_column]<div class=\"vcex-spacing\" style=\"height:30px\"><\/div>[vc_btn title=&#8221;Obre el regal&#8221; align=&#8221;center&#8221; css=&#8221;&#8221; link=&#8221;url:https%3A%2F%2Fnuevaweb.casaalbets.com%2Fca%2Fles-nostres-ofertes%2F&#8221; el_class=&#8221;boton_casaalbets&#8221;][\/vc_column][\/vc_row][vc_row][vc_column]<div class=\"vcex-spacing\" style=\"height:60px\"><\/div>[vc_column_text css=&#8221;&#8221; el_class=&#8221;textocabecera&#8221;]\n<p style=\"text-align: center;\">Qu\u00e8 pensen els nostres clients de nosaltres?<\/p>\n[\/vc_column_text]<div class=\"vcex-spacing\" style=\"height:50px\"><\/div>[vc_column_text]<pre class=\"ti-widget\"><div class=\"ti-widget ti-goog\" data-no-translation=\"true\" data-layout-id=\"4\" data-set-id=\"light-background\" data-pid=\"\" data-pager-autoplay-timeout=\"6\" data-review-target-width=\"300\" data-language=\"es\" > <div class=\"ti-widget-container ti-col-3\"> <div class=\"ti-reviews-container\"> <div class=\"ti-controls\"> <div class=\"ti-next\" aria-label=\"Siguiente rese\u00f1a\" role=\"button\"><\/div> <div class=\"ti-prev\" aria-label=\"Rese\u00f1a anterior\" role=\"button\"><\/div> <\/div> <div class=\"ti-reviews-container-wrapper\">  <div data-empty=\"0\" class=\"ti-review-item source-Google\" > <div class=\"ti-inner\"> <div class=\"ti-review-header\"> <div class=\"ti-profile-img\"> <img decoding=\"async\" src=\"https:\/\/lh3.googleusercontent.com\/a-\/ALV-UjWysVVCuehFoIjWiOJUJtPld-B4m9GWoxeq0vTGku7DdYcf=s120-c-rp-mo-br100\" alt=\"Margalida Pascual Payeras\" \/> <\/div> <div class=\"ti-profile-details\"> <div class=\"ti-name\"> Margalida Pascual Payeras <\/div> <div class=\"ti-date\">2023-11-02<\/div> <\/div> <\/div> <span class=\"ti-stars\"><span class=\"ti-star f\"><\/span><span class=\"ti-star f\"><\/span><span class=\"ti-star f\"><\/span><span class=\"ti-star f\"><\/span><span class=\"ti-star f\"><\/span><\/span> <div class=\"ti-review-text-container ti-review-content\"><!-- R-CONTENT -->Excelente\nEste hotel es una antigua masia reformada con mucho gusto, cuidando cada detalle.\nNos alojamos en San Juan con nuestras mascotas, que pudieron correr libremente por los alrededores, entorno natural id\u00edlico, precioso, perfecto para desconectar. Tambi\u00e9n los admiten en el restaurante.\nLa comida deliciosa! La cena est\u00e1 formada por 7 platos, todo ecol\u00f3gico y vegano.\nLos due\u00f1os son Albert y Megan que nos trataron con un cari\u00f1o espectacular y un trato muy cercano.\nTODO de 10!<!-- R-CONTENT --><\/div> <span class=\"ti-read-more\" data-container=\".ti-review-content\" data-collapse-text=\"Ocultar\" data-open-text=\"Leer m\u00e1s\" ><\/span> <\/div> <\/div>  <div data-empty=\"0\" class=\"ti-review-item source-Google\" > <div class=\"ti-inner\"> <div class=\"ti-review-header\"> <div class=\"ti-profile-img\"> <img decoding=\"async\" src=\"https:\/\/lh3.googleusercontent.com\/a-\/ALV-UjVVLzINBETLNWrEBiGJjlwntw6cGPn4E5n_nM3OJcx8ggf5=s120-c-rp-mo-br100\" alt=\"Sergi Velasco Rodriguez\" \/> <\/div> <div class=\"ti-profile-details\"> <div class=\"ti-name\"> Sergi Velasco Rodriguez <\/div> <div class=\"ti-date\">2023-10-02<\/div> <\/div> <\/div> <span class=\"ti-stars\"><span class=\"ti-star f\"><\/span><span class=\"ti-star f\"><\/span><span class=\"ti-star f\"><\/span><span class=\"ti-star f\"><\/span><span class=\"ti-star f\"><\/span><\/span> <div class=\"ti-review-text-container ti-review-content\"><!-- R-CONTENT -->Vivir la experiencia de pasar una noche en este hotel, gozar de la gastronomia incre\u00edble y detallista que ofrecen, conocer la historia del lugar, y disfrutar de un entorno natural asombroso hacen de este emplazamiento un sitio \u00fanico del que uno no se quiere ir nunca. Maravilloso.<!-- R-CONTENT --><\/div> <span class=\"ti-read-more\" data-container=\".ti-review-content\" data-collapse-text=\"Ocultar\" data-open-text=\"Leer m\u00e1s\" ><\/span> <\/div> <\/div>  <div data-empty=\"0\" class=\"ti-review-item source-Google\" > <div class=\"ti-inner\"> <div class=\"ti-review-header\"> <div class=\"ti-profile-img\"> <img decoding=\"async\" src=\"https:\/\/lh3.googleusercontent.com\/a-\/ALV-UjVmgyIpC0P5KOSRDPOGx9T83SiXfloPjAwL_B8_k-lvkrk=s120-c-rp-mo-ba5-br100\" alt=\"F\u00e9lix Jim\u00e9nez Gonz\u00e1lez\" \/> <\/div> <div class=\"ti-profile-details\"> <div class=\"ti-name\"> F\u00e9lix Jim\u00e9nez Gonz\u00e1lez <\/div> <div class=\"ti-date\">2023-09-10<\/div> <\/div> <\/div> <span class=\"ti-stars\"><span class=\"ti-star f\"><\/span><span class=\"ti-star f\"><\/span><span class=\"ti-star f\"><\/span><span class=\"ti-star f\"><\/span><span class=\"ti-star f\"><\/span><\/span> <div class=\"ti-review-text-container ti-review-content\"><!-- R-CONTENT -->Un lugar inolvidable. La mas\u00eda est\u00e1 en medio de la naturaleza, hay que coger un camino de grava para llegar al hotel. Decorado con mimo, la habitaci\u00f3n \"Els Forns\" nos pareci\u00f3 ideal. Mirar por la ventana y ver el campo recarga las pilas, sobre todo a urbanitas como yo. Pudimos tambi\u00e9n disfrutar de la peque\u00f1a piscina exterior, fresquita y purificante. Y qu\u00e9 decir de la cena degustaci\u00f3n, todo riqu\u00edsimo, explicado al detalle y con un servicio de 10. Les deseo lo mejor y muchos a\u00f1os de \u00e9xito.<!-- R-CONTENT --><\/div> <span class=\"ti-read-more\" data-container=\".ti-review-content\" data-collapse-text=\"Ocultar\" data-open-text=\"Leer m\u00e1s\" ><\/span> <\/div> <\/div>  <div data-empty=\"0\" class=\"ti-review-item source-Google\" > <div class=\"ti-inner\"> <div class=\"ti-review-header\"> <div class=\"ti-profile-img\"> <img decoding=\"async\" src=\"https:\/\/lh3.googleusercontent.com\/a-\/ALV-UjXPElZbgINx_A4m6ZexBeDK_I8oCeMGqpjom3BPxJi_n64=s120-c-rp-mo-br100\" alt=\"Cristobal Completa Denis\" \/> <\/div> <div class=\"ti-profile-details\"> <div class=\"ti-name\"> Cristobal Completa Denis <\/div> <div class=\"ti-date\">2023-07-22<\/div> <\/div> <\/div> <span class=\"ti-stars\"><span class=\"ti-star f\"><\/span><span class=\"ti-star f\"><\/span><span class=\"ti-star f\"><\/span><span class=\"ti-star f\"><\/span><span class=\"ti-star f\"><\/span><\/span> <div class=\"ti-review-text-container ti-review-content\"><!-- R-CONTENT -->Con mi familia nos quedamos una noche en el Hotel Casa Albets. Llegamos por la tarde y despues de acomodas nuestras coaas en las habitaciones salimos a hacer un recorrido de trekking por el bosque, por recomendacion de la anfitriona. Las habitaciones son de lujo total, desde las camas, hasta los ba\u00f1os y todos los detalles. Por la noche gozamos de una cena vegana de 7 pasos que nos dejo a los 4 (3 no veganos) impresionados. Se nota la calidad de la cocina y materia prima, acompa\u00f1ado de bebidas organicas y locales fue una cena perfecta. A la noche se pueden ver las estrellas y no se escucha un solo sonido de auto o maquinas. Por la ma\u00f1ana, el desayuno fue del mismo nivel que la cena. Antes de irme del hotel, hice la visita autoguiada de la casa, esta consta de 27 puntos donde se explica la rica historia de la casa (comenzando por el siglo XI), y como esta fue cambiando. En toda la casa logran una harmonia entre lo moderno y sofisticado, sin tapar la fachada antigua y la historia de la casa.\nUna experiencia increible y recomendable para quien busque desconectarse y gozar de excelente comida. El hecho de que tambien busquen hacer del emprendimiento sustentable y fomentando la produccion local es un diferencial valioso.<!-- R-CONTENT --><\/div> <span class=\"ti-read-more\" data-container=\".ti-review-content\" data-collapse-text=\"Ocultar\" data-open-text=\"Leer m\u00e1s\" ><\/span> <\/div> <\/div>  <div data-empty=\"0\" class=\"ti-review-item source-Google\" > <div class=\"ti-inner\"> <div class=\"ti-review-header\"> <div class=\"ti-profile-img\"> <img decoding=\"async\" src=\"https:\/\/lh3.googleusercontent.com\/a-\/ALV-UjV-uFwhxsAKmd1-Xt-2PD_5IyNA0cxVjH0Z2eeg78wKgFA=s120-c-rp-mo-br100\" alt=\"Montse P\u00e9rez\" \/> <\/div> <div class=\"ti-profile-details\"> <div class=\"ti-name\"> Montse P\u00e9rez <\/div> <div class=\"ti-date\">2023-06-28<\/div> <\/div> <\/div> <span class=\"ti-stars\"><span class=\"ti-star f\"><\/span><span class=\"ti-star f\"><\/span><span class=\"ti-star f\"><\/span><span class=\"ti-star f\"><\/span><span class=\"ti-star f\"><\/span><\/span> <div class=\"ti-review-text-container ti-review-content\"><!-- R-CONTENT -->Un lugar donde escapar.\nFin de semana de Sant Joan perfecto !!\nLa Mas\u00eda es espectacular, habitaciones comodisimas, impecables y con unas vistas que no podr\u00e1s dejar de contemplar, la calidad de los colchones sumada a las sabanas de hilo son un lujo.\nLa comida vegana te sorprende con cada una de sus creaciones, hemos disfrutado con los siete platos que tenia el men\u00fa, con una cuidada presentaci\u00f3n.\nEl trato de los propietarios Megan y Joel es inmejorable y cercano.\nEntorno id\u00edlico donde poder desconectar.\nLugar perfecto para gente que viaja con sus perros o sin ellos, ya que la convivencia en estancias comunes a sido\nde total respeto y armonia.\nEscapada muy recomendable sin duda volveremos muy pronto.\nMontse y Jorge<!-- R-CONTENT --><\/div> <span class=\"ti-read-more\" data-container=\".ti-review-content\" data-collapse-text=\"Ocultar\" data-open-text=\"Leer m\u00e1s\" ><\/span> <\/div> <\/div>  <div data-empty=\"0\" class=\"ti-review-item source-Google\" > <div class=\"ti-inner\"> <div class=\"ti-review-header\"> <div class=\"ti-profile-img\"> <img decoding=\"async\" src=\"https:\/\/lh3.googleusercontent.com\/a\/ACg8ocLVSnhlFsD98sFBt9Sh9FIMNfEiZPfe4AXceIk54TR9=s120-c-rp-mo-br100\" alt=\"Marta Guillamon\" \/> <\/div> <div class=\"ti-profile-details\"> <div class=\"ti-name\"> Marta Guillamon <\/div> <div class=\"ti-date\">2023-06-28<\/div> <\/div> <\/div> <span class=\"ti-stars\"><span class=\"ti-star f\"><\/span><span class=\"ti-star f\"><\/span><span class=\"ti-star f\"><\/span><span class=\"ti-star f\"><\/span><span class=\"ti-star f\"><\/span><\/span> <div class=\"ti-review-text-container ti-review-content\"><!-- R-CONTENT -->Avui, enmig del brogit de la ciutat, he recordat i he enyorat aquesta darrera estada a Lladurs, a Casa Albets, aquest ha estat els darrers anys el nostre refugi de Sant Joan, un lloc preci\u00f3s on els amants de la calma ens hem pogut refugiar en temps de revetlla. Perqu\u00e8 Casa Albets \u00e9s un rac\u00f3 on els nostres animals s\u00f3n volguts i cuidats i on, amb una envejable coher\u00e8ncia, no s'ofereix altre menjar que el d'una excelent cuina vegana. Amb un men\u00fa degustaci\u00f3 variat i cuidat fins al m\u00ednim detall. A m\u00e9s, a Casa Albets, hem trobat unes instal\u2022lacions adaptades per a persones amb mobilitat redu\u00efda, que ja ens agradaria trobar a molts altres establiments tur\u00edstics. Situada en un magn\u00edfic paratge natural i agr\u00edcola, l'hotel \u00e9s molt confortable, amb una decoraci\u00f3 moderna i elegant, per\u00f2 amb una austeritat que \u00e9s d'agra\u00efr i que, alhora, \u00e9s extraordin\u00e0riament respectuosa amb l'arquitectura original de la masia. Es respira l'amor i la il\u2022lusi\u00f3 de la Megan i en Joel per la casa familiar i per la preservaci\u00f3 d'aquest paratge meravell\u00f3s. Amb un tracte acollidor, gaireb\u00e9 familiar, les nostres estades a Casa Albets han estat sempre un plaer. Hem compartit la nostra experi\u00e8ncia amb fam\u00edlia i amics en altres \u00e8poques de l'any, i hem estat testimonis de les diferents maneres de poder gaudir d'aquest indret, per Sant Joan, estades m\u00e9s familiars, o caps de setmana rom\u00e0ntics. \u00c9s una experi\u00e8ncia que, ben segur, seguirem repetint aix\u00ed que poguem.<!-- R-CONTENT --><\/div> <span class=\"ti-read-more\" data-container=\".ti-review-content\" data-collapse-text=\"Ocultar\" data-open-text=\"Leer m\u00e1s\" ><\/span> <\/div> <\/div>  <div data-empty=\"0\" class=\"ti-review-item source-Google\" > <div class=\"ti-inner\"> <div class=\"ti-review-header\"> <div class=\"ti-profile-img\"> <img decoding=\"async\" src=\"https:\/\/lh3.googleusercontent.com\/a\/ACg8ocL77mJlfpTnO5MKgb7pl7eaNcm_fXFwxCkUAjn46bQa=s120-c-rp-mo-br100\" alt=\"Carmela Sanz\" \/> <\/div> <div class=\"ti-profile-details\"> <div class=\"ti-name\"> Carmela Sanz <\/div> <div class=\"ti-date\">2023-06-27<\/div> <\/div> <\/div> <span class=\"ti-stars\"><span class=\"ti-star f\"><\/span><span class=\"ti-star f\"><\/span><span class=\"ti-star f\"><\/span><span class=\"ti-star f\"><\/span><span class=\"ti-star f\"><\/span><\/span> <div class=\"ti-review-text-container ti-review-content\"><!-- R-CONTENT -->Hemos pasado Sant Joan en este id\u00edlico lugar.\nEl trato familiar, los men\u00fas degustaci\u00f3n todo un espect\u00e1culo, el entorno, habitaciones de ensue\u00f1o, el clima que se crea entre los hu\u00e9spedes que vamos.\nNo vayas si no eres amante de los animales, de compartir  o si esperas un resort.\nCasa Albets comulga con una filosof\u00eda de vida abierta, amable y sostenible.\nNo puedo daros m\u00e1s que las gracias y sin duda volveremos! \u2665\ufe0f<!-- R-CONTENT --><\/div> <span class=\"ti-read-more\" data-container=\".ti-review-content\" data-collapse-text=\"Ocultar\" data-open-text=\"Leer m\u00e1s\" ><\/span> <\/div> <\/div>  <\/div> <div class=\"ti-controls-line\"> <div class=\"dot\"><\/div> <\/div> <\/div> <div class=\"ti-footer\"> <div class=\"ti-rating-text\"> <span class=\"nowrap\">La evaluaci\u00f3n general en <strong>Google<\/strong> es <\/span><span class=\"nowrap\"><strong>4.6<\/strong> de 5, <\/span><span class=\"nowrap\">en base a <strong>216 rese\u00f1as<\/strong><\/span> <\/div> <\/div>  <\/div> <\/div> <\/pre>[\/vc_column_text]<div class=\"vcex-spacing\" style=\"height:30px\"><\/div>[vc_column_text]\n<p style=\"text-align: center;\"><a class=\"btn-preus\" href=\"https:\/\/www.google.com\/travel\/search?q=casa%20albets&amp;g2lb=2502548%2C2503771%2C2503781%2C4258168%2C4284970%2C4291517%2C4597339%2C4754388%2C4757164%2C4814050%2C4874190%2C4893075%2C4924070%2C4963887%2C4965990%2C4990494%2C72277293%2C72298667%2C72302247%2C72313836%2C72317059%2C72347327%2C72385362%2C72402232%2C72406588%2C72412680%2C72414906%2C72430025%2C72436632%2C72437469%2C72439483&amp;hl=es-ES&amp;gl=es&amp;ssta=1&amp;ts=CAEaRwopEicyJTB4MTJhNWM5MjFjYmYxNDMyNzoweDRhYWU3ZjljZWIyZjRkYmQSGhIUCgcI5w8QCxgdEgcI5w8QCxgeGAEyAhAA&amp;qs=CAEyE0Nnb0l2WnU5MmM3em45ZEtFQUU4AkIJCb1NL-ucf65KQgkJvU0v65x_rko&amp;ap=ugEHcmV2aWV3cw&amp;ictx=1&amp;sa=X&amp;sqi=2&amp;ved=0CAAQ5JsGahcKEwjA2_-mrOaCAxUAAAAAHQAAAAAQEA\" target=\"_blank\" rel=\"noopener\">Veure m\u00e9s resenyes<\/a><\/p>\n[\/vc_column_text]<div class=\"vcex-spacing\" style=\"height:30px\"><\/div>[vc_column_text css=&#8221;&#8221;]\n<p style=\"text-align: center;\">Ja hem tingut el plaer de rebre i con\u00e8ixer aquestes persones<\/p>\n<p style=\"text-align: center;\">Ara et volem con\u00e8ixer a tu<\/p>\n[\/vc_column_text][\/vc_column][\/vc_row][vc_row][vc_column]<div class=\"vcex-spacing\" style=\"height:30px\"><\/div>[vc_column_text css=&#8221;&#8221; el_class=&#8221;cta_nsc&#8221;]\n<p style=\"text-align: center;\">Reserva la teva habitaci\u00f3 amb sopar degustaci\u00f3 incl\u00f2s <span class=\"vc_icon_element-icon fas fa-chevron-right\">\u00a0<\/span><\/p>\n[\/vc_column_text]<div class=\"vcex-spacing\" style=\"height:60px\"><\/div>[\/vc_column][\/vc_row][vc_row vcex_user_access=&#8221;custom&#8221; disable_element=&#8221;yes&#8221; bg_style=&#8221;stretch&#8221; css=&#8221;.vc_custom_1743015378592{padding-top: 60px !important;padding-bottom: 30px !important;}&#8221;][vc_column]<div class=\"vcex-spacing\" style=\"height:60px\"><\/div>[vc_column_text]\n<h2 style=\"text-align: center;\">HOTEL ECOL\u00d2GIC<\/h2>\n[\/vc_column_text][vc_column_text el_class=&#8221;text-welcome&#8221;]\n<h4 style=\"text-align: center;\">De car\u00e0cter r\u00fastic i rodejat de natura<\/h4>\n[\/vc_column_text][\/vc_column][\/vc_row][vc_row vcex_user_access=&#8221;custom&#8221; disable_element=&#8221;yes&#8221;][vc_column width=&#8221;1\/3&#8243;][vc_single_image image=&#8221;15043&#8243; img_size=&#8221;380&#215;380&#8243;]<div class=\"vcex-spacing\" style=\"height:30px\"><\/div>[vc_column_text]\n<h3 style=\"text-align: center;\">UN HOTEL AMB HIST\u00d2RIA<\/h3>\n[\/vc_column_text][vc_column_text color=&#8221;#668d2e&#8221; font_size=&#8221;20px&#8221; el_class=&#8221;destacados&#8221;]\n<h4 style=\"text-align: center;\">\u00danic i original<\/h4>\n[\/vc_column_text][vc_column_text css=&#8221;.vc_custom_1526110127613{margin-top: 10px !important;}&#8221; font_size=&#8221;15px&#8221;]\n<p style=\"text-align: center;\">La Casa Albets \u00e9s una masia considerada un tresor patrimonial datat del s.XI, que ha passat de pares a fills durant segles.<\/p>\n[\/vc_column_text]<div class=\"vcex-spacing\" style=\"height:50px\"><\/div>[\/vc_column][vc_column width=&#8221;1\/3&#8243;][vc_single_image image=&#8221;15050&#8243; img_size=&#8221;380&#215;380&#8243;]<div class=\"vcex-spacing\" style=\"height:30px\"><\/div>[vc_column_text]\n<h3 style=\"text-align: center;\">SOM ECOL\u00d2GICS<\/h3>\n[\/vc_column_text][vc_column_text color=&#8221;#668d2e&#8221; font_size=&#8221;20px&#8221; el_class=&#8221;destacados&#8221;]\n<h4 style=\"text-align: center;\">Gaudim de la certificaci\u00f3 d\u2019efici\u00e8ncia energ\u00e8tica<\/h4>\n[\/vc_column_text][vc_column_text css=&#8221;.vc_custom_1526110196750{margin-top: 10px !important;}&#8221; font_size=&#8221;15px&#8221;]\n<p style=\"text-align: center;\">L\u2019ecologia ha estat una constant en el disseny de la rehabilitaci\u00f3 de la masia en Hotel, mantenint el m\u00e0xim possible l&#8217;estat original de la casa.<\/p>\n[\/vc_column_text]<div class=\"vcex-spacing\" style=\"height:50px\"><\/div>[\/vc_column][vc_column width=&#8221;1\/3&#8243;][vc_single_image image=&#8221;13371&#8243; img_size=&#8221;380&#215;380&#8243;]<div class=\"vcex-spacing\" style=\"height:30px\"><\/div>[vc_column_text]\n<h3 style=\"text-align: center;\">UN ESPAI AMB ENCANT<\/h3>\n[\/vc_column_text][vc_column_text color=&#8221;#668d2e&#8221; font_size=&#8221;20px&#8221; el_class=&#8221;destacados&#8221;]\n<p style=\"text-align: center;\"><em>Moments \u00fanics per a recordar<\/em><\/p>\n[\/vc_column_text][vc_column_text css=&#8221;.vc_custom_1653925079640{margin-top: 10px !important;}&#8221; font_size=&#8221;15px&#8221;]\n<p style=\"text-align: center;\">Ideal per bodes i esdeveniments, la masia disposa de m\u00e9s de 1000m2 de jardins.<\/p>\n[\/vc_column_text]<div class=\"vcex-spacing\" style=\"height:50px\"><\/div>[\/vc_column][\/vc_row][vc_row full_width=&#8221;stretch_row_content_no_spaces&#8221; disable_element=&#8221;yes&#8221; css=&#8221;.vc_custom_1668171924876{background-image: url(https:\/\/casaalbets.cat\/wp-content\/uploads\/2018\/05\/background-fixed.jpg?id=4955) !important;background-position: center !important;background-repeat: no-repeat !important;background-size: cover !important;}&#8221; wpex_bg_position=&#8221;center center&#8221; el_class=&#8221;bg-fixed&#8221;][vc_column css=&#8221;.vc_custom_1525718928626{margin-bottom: 0px !important;padding-bottom: 0px !important;}&#8221; el_class=&#8221;column-color-opacity&#8221;]<div class=\"vcex-spacing\" style=\"height:100px\"><\/div>[vc_column_text color=&#8221;#ffffff&#8221;]\n<h3 style=\"text-align: center;\"><strong>HOTEL VEG\u00c0<\/strong><\/h3>\n[\/vc_column_text][vc_column_text css=&#8221;.vc_custom_1528017010490{padding-right: 30px !important;padding-left: 30px !important;}&#8221; responsive_text=&#8221;true&#8221; color=&#8221;#ffffff&#8221; min_font_size=&#8221;20px&#8221;]\n<h2 style=\"text-align: center;\">CASA ALBETS EST\u00c0 CERTIFICAT PER<\/h2>\n[\/vc_column_text]<div class=\"vcex-spacing\" style=\"height:50px\"><\/div>[vc_row_inner][vc_column_inner width=&#8221;1\/3&#8243;][\/vc_column_inner][vc_column_inner width=&#8221;1\/3&#8243; css=&#8221;.vc_custom_1528017045916{padding-right: 20px !important;padding-left: 20px !important;}&#8221;]<div class=\"vcex-module vcex-image-grid wpex-row clr grid-style-default gap-20\"><div class=\"id-5078 vcex-image-grid-entry span_1_of_3 span_1_of_3_pl span_1_of_3_pp col col-1\"><figure class=\"vcex-image-grid-entry-figure clr\"><div class=\"vcex-image-grid-entry-img clr\"><a href=\"https:\/\/casaalbets.cat\/wp-content\/uploads\/2018\/11\/VeggieHotels-Certificate_18_Casa-Albets-compressed.pdf\" class=\"vcex-image-grid-entry-img\" target=\"_blank\"><img loading=\"lazy\" decoding=\"async\" width=\"171\" height=\"171\" src=\"https:\/\/casaalbets.cat\/wp-content\/uploads\/2018\/05\/logo_veggie-hotels_esit_q_1000.png\" class=\"attachment-full size-full\" alt=\"logo_veggie-hotels_esit_q_1000\" srcset=\"https:\/\/casaalbets.cat\/wp-content\/uploads\/2018\/05\/logo_veggie-hotels_esit_q_1000.png 171w, https:\/\/casaalbets.cat\/wp-content\/uploads\/2018\/05\/logo_veggie-hotels_esit_q_1000-150x150.png 150w, https:\/\/casaalbets.cat\/wp-content\/uploads\/2018\/05\/logo_veggie-hotels_esit_q_1000-100x100.png 100w, https:\/\/casaalbets.cat\/wp-content\/uploads\/2018\/05\/logo_veggie-hotels_esit_q_1000-80x80.png 80w\" sizes=\"(max-width: 171px) 100vw, 171px\" \/><\/a><\/div><\/figure><\/div><div class=\"id-5079 vcex-image-grid-entry span_1_of_3 span_1_of_3_pl span_1_of_3_pp col col-2\"><figure class=\"vcex-image-grid-entry-figure clr\"><div class=\"vcex-image-grid-entry-img clr\"><a href=\"https:\/\/casaalbets.cat\/wp-content\/uploads\/2018\/11\/vegan-welcome-certificate_18_Casa-Albets-compressed.pdf\" class=\"vcex-image-grid-entry-img\" target=\"_blank\"><img loading=\"lazy\" decoding=\"async\" width=\"228\" height=\"228\" src=\"https:\/\/casaalbets.cat\/wp-content\/uploads\/2018\/05\/vegans-welcome-stamp_en.png\" class=\"attachment-full size-full\" alt=\"vegans-welcome-stamp_en\" srcset=\"https:\/\/casaalbets.cat\/wp-content\/uploads\/2018\/05\/vegans-welcome-stamp_en.png 228w, https:\/\/casaalbets.cat\/wp-content\/uploads\/2018\/05\/vegans-welcome-stamp_en-150x150.png 150w, https:\/\/casaalbets.cat\/wp-content\/uploads\/2018\/05\/vegans-welcome-stamp_en-100x100.png 100w, https:\/\/casaalbets.cat\/wp-content\/uploads\/2018\/05\/vegans-welcome-stamp_en-80x80.png 80w\" sizes=\"(max-width: 228px) 100vw, 228px\" \/><\/a><\/div><\/figure><\/div><div class=\"id-5080 vcex-image-grid-entry span_1_of_3 span_1_of_3_pl span_1_of_3_pp col col-3\"><figure class=\"vcex-image-grid-entry-figure clr\"><div class=\"vcex-image-grid-entry-img clr\"><a href=\"https:\/\/www.vegantravel.com\/\" class=\"vcex-image-grid-entry-img\" target=\"_blank\"><img loading=\"lazy\" decoding=\"async\" width=\"355\" height=\"200\" src=\"https:\/\/casaalbets.cat\/wp-content\/uploads\/2018\/05\/VeganTravel-Banner-blanc.png\" class=\"attachment-full size-full\" alt=\"VeganTravel-Banner-blanc\" srcset=\"https:\/\/casaalbets.cat\/wp-content\/uploads\/2018\/05\/VeganTravel-Banner-blanc.png 355w, https:\/\/casaalbets.cat\/wp-content\/uploads\/2018\/05\/VeganTravel-Banner-blanc-300x169.png 300w\" sizes=\"(max-width: 355px) 100vw, 355px\" \/><\/a><\/div><\/figure><\/div><\/div>[\/vc_column_inner][vc_column_inner width=&#8221;1\/3&#8243;][\/vc_column_inner][\/vc_row_inner]<div class=\"vcex-spacing\" style=\"height:100px\"><\/div>[\/vc_column][\/vc_row][vc_row][vc_column css=&#8221;.vc_custom_1526283815680{margin-bottom: 0px !important;padding-bottom: 0px !important;}&#8221;]<div class=\"templatera_shortcode\"><div data-vc-full-width=\"true\" data-vc-full-width-init=\"false\" data-vc-stretch-content=\"true\" class=\"vc_row wpb_row vc_row-fluid bg-fixed vc_custom_1525804241380 vc_row-no-padding wpex-vc_row-has-fill wpex-vc-row-stretched\" style=\"background-position:center center !important;\"><div class=\"column-color-opacity wpb_column vc_column_container vc_col-sm-12\"><div class=\"vc_column-inner vc_custom_1525718928626\"><div class=\"wpb_wrapper\"><div class=\"vc_row wpb_row vc_inner vc_row-fluid vc_custom_1525766266550 wpex-vc_row-has-fill\"><div class=\"wpb_column vc_column_container vc_col-sm-12\"><div class=\"vc_column-inner\"><div class=\"wpb_wrapper\">\n\t<div class=\"wpb_text_column wpb_content_element\" >\n\t\t<div class=\"wpb_wrapper\">\n\t\t\t<h3 style=\"text-align: center;\">AVANTATGES DE RESERVAR AMB NOSALTRES<\/h3>\n\n\t\t<\/div>\n\t<\/div>\n<\/div><\/div><\/div><\/div><div class=\"vc_row wpb_row vc_inner vc_row-fluid five-columns vc_custom_1525774724386 wpex-vc_row-has-fill\"><div class=\"wpb_column vc_column_container vc_col-sm-4\"><div class=\"vc_column-inner\"><div class=\"wpb_wrapper\">\n\t<div  class=\"wpb_single_image wpb_content_element vc_align_center wpb_content_element\">\n\t\t\n\t\t<figure class=\"wpb_wrapper vc_figure\">\n\t\t\t<div class=\"vc_single_image-wrapper   vc_box_border_grey\"><img loading=\"lazy\" decoding=\"async\" width=\"65\" height=\"65\" src=\"https:\/\/casaalbets.cat\/wp-content\/uploads\/2018\/05\/ico2.png\" class=\"vc_single_image-img attachment-full\" alt=\"ico2\" title=\"ico2\" \/><\/div>\n\t\t<\/figure>\n\t<\/div>\n\n\t<div style=\"color:#ffffff;\" class=\"wpb_text_column wpb_content_element\" >\n\t\t<div class=\"wpb_wrapper\">\n\t\t\t<p style=\"text-align: center;\">100% sense intermediaris<\/p>\n\n\t\t<\/div>\n\t<\/div>\n\n\t<div style=\"color:#ffffff;\" class=\"wpb_text_column wpb_content_element icons-bottom\" >\n\t\t<div class=\"wpb_wrapper\">\n\t\t\t<p style=\"text-align: center;\">Aquest \u00e9s l'\u00fanic lloc on poder reservar la nostra experi\u00e8ncia, sense intermediaris per a poder oferir un preu m\u00e9s just.<\/p>\n\n\t\t<\/div>\n\t<\/div>\n<div class=\"vcex-spacing\" style=\"height:40px\"><\/div><\/div><\/div><\/div><div class=\"wpb_column vc_column_container vc_col-sm-4\"><div class=\"vc_column-inner\"><div class=\"wpb_wrapper\">\n\t<div  class=\"wpb_single_image wpb_content_element vc_align_center wpb_content_element\">\n\t\t\n\t\t<figure class=\"wpb_wrapper vc_figure\">\n\t\t\t<div class=\"vc_single_image-wrapper   vc_box_border_grey\"><img loading=\"lazy\" decoding=\"async\" width=\"65\" height=\"65\" src=\"https:\/\/casaalbets.cat\/wp-content\/uploads\/2018\/05\/ico3.png\" class=\"vc_single_image-img attachment-full\" alt=\"ico3\" title=\"ico3\" \/><\/div>\n\t\t<\/figure>\n\t<\/div>\n\n\t<div style=\"color:#ffffff;\" class=\"wpb_text_column wpb_content_element\" >\n\t\t<div class=\"wpb_wrapper\">\n\t\t\t<p style=\"text-align: center;\">Reserva directa i segura<\/p>\n\n\t\t<\/div>\n\t<\/div>\n\n\t<div style=\"color:#ffffff;\" class=\"wpb_text_column wpb_content_element icons-bottom\" >\n\t\t<div class=\"wpb_wrapper\">\n\t\t\t<p style=\"text-align: center;\">Et pots quedar tranquil\u00b7la, ja que nosaltres mateixes gestionarem la reserva. No treballem amb intermediaris per a evitar errors o malentesos.<\/p>\n\n\t\t<\/div>\n\t<\/div>\n<div class=\"vcex-spacing\" style=\"height:40px\"><\/div><\/div><\/div><\/div><div class=\"wpb_column vc_column_container vc_col-sm-4\"><div class=\"vc_column-inner\"><div class=\"wpb_wrapper\">\n\t<div  class=\"wpb_single_image wpb_content_element vc_align_center wpb_content_element\">\n\t\t\n\t\t<figure class=\"wpb_wrapper vc_figure\">\n\t\t\t<div class=\"vc_single_image-wrapper   vc_box_border_grey\"><img loading=\"lazy\" decoding=\"async\" width=\"65\" height=\"65\" src=\"https:\/\/casaalbets.cat\/wp-content\/uploads\/2018\/05\/ico4-1.png\" class=\"vc_single_image-img attachment-full\" alt=\"ico4\" title=\"ico4\" \/><\/div>\n\t\t<\/figure>\n\t<\/div>\n\n\t<div style=\"color:#ffffff;\" class=\"wpb_text_column wpb_content_element\" >\n\t\t<div class=\"wpb_wrapper\">\n\t\t\t<p style=\"text-align: center;\">Flexibilitat de pagament<\/p>\n\n\t\t<\/div>\n\t<\/div>\n\n\t<div style=\"color:#ffffff;\" class=\"wpb_text_column wpb_content_element icons-bottom\" >\n\t\t<div class=\"wpb_wrapper\">\n\t\t\t<p style=\"text-align: center;\">Reserva pagant nom\u00e9s el 20% i abona la resta en fer el check in.<\/p>\n\n\t\t<\/div>\n\t<\/div>\n<div class=\"vcex-spacing\" style=\"height:40px\"><\/div><\/div><\/div><\/div><\/div><\/div><\/div><\/div><\/div><div class=\"vc_row-full-width vc_clearfix\"><\/div><div data-vc-full-width=\"true\" data-vc-full-width-init=\"false\" data-vc-stretch-content=\"true\" class=\"vc_row wpb_row vc_row-fluid vc_custom_1526283747138 vc_row-no-padding wpex-vc-row-stretched\"><div class=\"wpb_column vc_column_container vc_col-sm-12\"><div class=\"vc_column-inner vc_custom_1526283718679\"><div class=\"wpb_wrapper\">\n\t<div class=\"wpb_text_column wpb_content_element\" >\n\t\t<div class=\"wpb_wrapper\">\n\t\t\t<div id=\"wpgmza_map\" class=\"wpgmza_map\" data-settings='{\"id\":\"4\",\"map_title\":\"Casa Albets\",\"map_width\":\"100\",\"map_height\":\"450\",\"map_start_lat\":\"42.034637\",\"map_start_lng\":\"1.466012\",\"map_start_location\":\"42.03463695658863,1.4660123828798532\",\"map_start_zoom\":\"12\",\"default_marker\":\"0\",\"type\":\"1\",\"alignment\":\"1\",\"directions_enabled\":\"0\",\"styling_enabled\":\"0\",\"styling_json\":\"\",\"active\":\"0\",\"kml\":\"\",\"bicycle\":\"1\",\"traffic\":\"0\",\"dbox\":\"1\",\"dbox_width\":\"100\",\"listmarkers\":\"0\",\"listmarkers_advanced\":\"0\",\"filterbycat\":\"0\",\"ugm_enabled\":\"0\",\"ugm_category_enabled\":\"0\",\"fusion\":\"\",\"map_width_type\":\"\\\\%\",\"map_height_type\":\"px\",\"mass_marker_support\":\"0\",\"ugm_access\":\"0\",\"order_markers_by\":\"1\",\"order_markers_choice\":\"2\",\"show_user_location\":\"2\",\"default_to\":\"\",\"other_settings\":{\"wpgmza_store_locator_restrict\":\"\",\"wpgmza_sl_animation\":\"1\",\"store_locator_query_string\":\"ZIP \\\/ C\\u00f3digo Postal \\\/ Direcci\\u00f3n\",\"store_locator_name_string\":\"Title \\\/ Description:\",\"store_locator_default_address\":\"\",\"wpgmza_dbox_width_type\":\"%\",\"map_max_zoom\":\"3\",\"map_min_zoom\":\"21\",\"sl_stroke_color\":\"FF0000\",\"sl_stroke_opacity\":\"0.25\",\"sl_fill_color\":\"FF0000\",\"sl_fill_opacity\":\"0.15\",\"click_open_link\":2,\"transport_layer\":0,\"iw_primary_color\":\"2A3744\",\"iw_accent_color\":\"252F3A\",\"iw_text_color\":\"FFFFFF\",\"wpgmza_iw_type\":\"0\",\"list_markers_by\":\"0\",\"push_in_map\":\"\",\"push_in_map_placement\":\"9\",\"wpgmza_push_in_map_width\":\"\",\"wpgmza_push_in_map_height\":\"\",\"wpgmza_theme_data\":\"[ \\\\\\\"visibility\\\\\\\", \\\\\\\"invert_lightness\\\\\\\", \\\\\\\"color\\\\\\\", \\\\\\\"weight\\\\\\\", \\\\\\\"hue\\\\\\\", \\\\\\\"saturation\\\\\\\", \\\\\\\"lightness\\\\\\\", \\\\\\\"gamma\\\\\\\"]\",\"wpgmza_theme_selection\":0,\"upload_default_ul_marker\":\"\",\"upload_default_sl_marker\":\"\",\"shortcodeAttributes\":{\"id\":\"4\"}}}' data-map-id='4' Data-maps-engine='' data-shortcode-attributes='{\"id\":\"4\"}' style=\"display:block; overflow:auto; width:100%; height:450px; float:left;\"><\/div>\n\n\t\t<\/div>\n\t<\/div>\n<\/div><\/div><\/div><\/div><div class=\"vc_row-full-width vc_clearfix\"><\/div><\/div>[\/vc_column][\/vc_row][vc_row][vc_column][\/vc_column][\/vc_row][vc_row][vc_column][\/vc_column][\/vc_row][vc_row el_class=&#8221;displaynone&#8221;][vc_column][vc_icon icon_fontawesome=&#8221;fas fa-angle-right&#8221; css=&#8221;&#8221;][\/vc_column][\/vc_row]\n<\/div>","protected":false},"excerpt":{"rendered":"AVANTATGES DE RESERVAR AMB NOSALTRES 100% sense intermediaris Aquest \u00e9s l'\u00fanic lloc on poder reservar la nostra experi\u00e8ncia, sense intermediaris per a poder oferir un preu m\u00e9s just. Reserva directa i segura Et pots quedar tranquil\u00b7la, ja que nosaltres mateixes&hellip;","protected":false},"author":8,"featured_media":0,"parent":0,"menu_order":0,"comment_status":"closed","ping_status":"closed","template":"","meta":{"_joinchat":[],"footnotes":""},"yoast_head":"<!-- This site is optimized with the Yoast SEO plugin v23.0 - https:\/\/yoast.com\/wordpress\/plugins\/seo\/ -->\n<title>Inici - Casa Albets<\/title>\n<meta name=\"robots\" content=\"index, follow, max-snippet:-1, max-image-preview:large, max-video-preview:-1\" \/>\n<link rel=\"canonical\" href=\"https:\/\/casaalbets.cat\/ca\/\" \/>\n<meta property=\"og:locale\" content=\"ca_ES\" \/>\n<meta property=\"og:type\" content=\"article\" \/>\n<meta property=\"og:title\" content=\"Inici - Casa Albets\" \/>\n<meta property=\"og:url\" content=\"https:\/\/casaalbets.cat\/ca\/\" \/>\n<meta property=\"og:site_name\" content=\"Casa Albets\" \/>\n<meta property=\"article:modified_time\" content=\"2025-05-29T14:09:00+00:00\" \/>\n<meta property=\"og:image\" content=\"https:\/\/casaalbets.cat\/wp-content\/uploads\/2018\/06\/MG_6046.jpg\" \/>\n<meta name=\"twitter:card\" content=\"summary_large_image\" \/>\n<meta name=\"twitter:label1\" content=\"Temps estimat de lectura\" \/>\n\t<meta name=\"twitter:data1\" content=\"8 minuts\" \/>\n<script type=\"application\/ld+json\" class=\"yoast-schema-graph\">{\"@context\":\"https:\/\/schema.org\",\"@graph\":[{\"@type\":\"WebPage\",\"@id\":\"https:\/\/casaalbets.cat\/ca\/\",\"url\":\"https:\/\/casaalbets.cat\/ca\/\",\"name\":\"Inici - Casa Albets\",\"isPartOf\":{\"@id\":\"https:\/\/casaalbets.cat\/ca\/#website\"},\"datePublished\":\"2018-05-11T16:20:34+00:00\",\"dateModified\":\"2025-05-29T14:09:00+00:00\",\"breadcrumb\":{\"@id\":\"https:\/\/casaalbets.cat\/ca\/#breadcrumb\"},\"inLanguage\":\"ca\",\"potentialAction\":[{\"@type\":\"ReadAction\",\"target\":[\"https:\/\/casaalbets.cat\/ca\/\"]}]},{\"@type\":\"BreadcrumbList\",\"@id\":\"https:\/\/casaalbets.cat\/ca\/#breadcrumb\",\"itemListElement\":[{\"@type\":\"ListItem\",\"position\":1,\"name\":\"Portada\",\"item\":\"https:\/\/casaalbets.cat\/ca\/\"},{\"@type\":\"ListItem\",\"position\":2,\"name\":\"Inici\"}]},{\"@type\":\"WebSite\",\"@id\":\"https:\/\/casaalbets.cat\/ca\/#website\",\"url\":\"https:\/\/casaalbets.cat\/ca\/\",\"name\":\"Casa Albets\",\"description\":\"Hotel ecol\u00f3gico\",\"potentialAction\":[{\"@type\":\"SearchAction\",\"target\":{\"@type\":\"EntryPoint\",\"urlTemplate\":\"https:\/\/casaalbets.cat\/ca\/?s={search_term_string}\"},\"query-input\":\"required name=search_term_string\"}],\"inLanguage\":\"ca\"}]}<\/script>\n<!-- \/ Yoast SEO plugin. -->","yoast_head_json":{"title":"Inici - Casa Albets","robots":{"index":"index","follow":"follow","max-snippet":"max-snippet:-1","max-image-preview":"max-image-preview:large","max-video-preview":"max-video-preview:-1"},"canonical":"https:\/\/casaalbets.cat\/ca\/","og_locale":"ca_ES","og_type":"article","og_title":"Inici - Casa Albets","og_url":"https:\/\/casaalbets.cat\/ca\/","og_site_name":"Casa Albets","article_modified_time":"2025-05-29T14:09:00+00:00","og_image":[{"url":"https:\/\/casaalbets.cat\/wp-content\/uploads\/2018\/06\/MG_6046.jpg"}],"twitter_card":"summary_large_image","twitter_misc":{"Temps estimat de lectura":"8 minuts"},"schema":{"@context":"https:\/\/schema.org","@graph":[{"@type":"WebPage","@id":"https:\/\/casaalbets.cat\/ca\/","url":"https:\/\/casaalbets.cat\/ca\/","name":"Inici - Casa Albets","isPartOf":{"@id":"https:\/\/casaalbets.cat\/ca\/#website"},"datePublished":"2018-05-11T16:20:34+00:00","dateModified":"2025-05-29T14:09:00+00:00","breadcrumb":{"@id":"https:\/\/casaalbets.cat\/ca\/#breadcrumb"},"inLanguage":"ca","potentialAction":[{"@type":"ReadAction","target":["https:\/\/casaalbets.cat\/ca\/"]}]},{"@type":"BreadcrumbList","@id":"https:\/\/casaalbets.cat\/ca\/#breadcrumb","itemListElement":[{"@type":"ListItem","position":1,"name":"Portada","item":"https:\/\/casaalbets.cat\/ca\/"},{"@type":"ListItem","position":2,"name":"Inici"}]},{"@type":"WebSite","@id":"https:\/\/casaalbets.cat\/ca\/#website","url":"https:\/\/casaalbets.cat\/ca\/","name":"Casa Albets","description":"Hotel ecol\u00f3gico","potentialAction":[{"@type":"SearchAction","target":{"@type":"EntryPoint","urlTemplate":"https:\/\/casaalbets.cat\/ca\/?s={search_term_string}"},"query-input":"required name=search_term_string"}],"inLanguage":"ca"}]}},"_links":{"self":[{"href":"https:\/\/casaalbets.cat\/ca\/wp-json\/wp\/v2\/pages\/5773"}],"collection":[{"href":"https:\/\/casaalbets.cat\/ca\/wp-json\/wp\/v2\/pages"}],"about":[{"href":"https:\/\/casaalbets.cat\/ca\/wp-json\/wp\/v2\/types\/page"}],"author":[{"embeddable":true,"href":"https:\/\/casaalbets.cat\/ca\/wp-json\/wp\/v2\/users\/8"}],"replies":[{"embeddable":true,"href":"https:\/\/casaalbets.cat\/ca\/wp-json\/wp\/v2\/comments?post=5773"}],"version-history":[{"count":0,"href":"https:\/\/casaalbets.cat\/ca\/wp-json\/wp\/v2\/pages\/5773\/revisions"}],"wp:attachment":[{"href":"https:\/\/casaalbets.cat\/ca\/wp-json\/wp\/v2\/media?parent=5773"}],"curies":[{"name":"wp","href":"https:\/\/api.w.org\/{rel}","templated":true}]}}